{"id":1938,"date":"2023-06-02T17:39:25","date_gmt":"2023-06-02T17:39:25","guid":{"rendered":"https:\/\/whc.roible.net\/?page_id=1938"},"modified":"2023-06-12T20:26:12","modified_gmt":"2023-06-12T20:26:12","slug":"sikca-sorulan-sorular","status":"publish","type":"page","link":"https:\/\/wonderhairclinic.com\/tr\/sikca-sorulan-sorular\/","title":{"rendered":"S\u0131k\u00e7a Sorulan Sorular"},"content":{"rendered":"\t\t<div data-elementor-type=\"wp-page\" data-elementor-id=\"1938\" class=\"elementor elementor-1938 elementor-1269\">\n\t\t\t\t<div class=\"elementor-element elementor-element-0aa070e e-flex e-con-boxed e-con e-parent\" data-id=\"0aa070e\" data-element_type=\"container\" data-settings=\"{&quot;background_background&quot;:&quot;classic&quot;}\" data-core-v316-plus=\"true\">\n\t\t\t\t\t<div class=\"e-con-inner\">\n\t\t\t\t<div class=\"elementor-element elementor-element-84f59a5 elementor-widget elementor-widget-heading\" data-id=\"84f59a5\" data-element_type=\"widget\" data-widget_type=\"heading.default\">\n\t\t\t\t<div class=\"elementor-widget-container\">\n\t\t\t<style>\/*! elementor - v3.20.0 - 26-03-2024 *\/\n.elementor-heading-title{padding:0;margin:0;line-height:1}.elementor-widget-heading .elementor-heading-title[class*=elementor-size-]>a{color:inherit;font-size:inherit;line-height:inherit}.elementor-widget-heading .elementor-heading-title.elementor-size-small{font-size:15px}.elementor-widget-heading .elementor-heading-title.elementor-size-medium{font-size:19px}.elementor-widget-heading .elementor-heading-title.elementor-size-large{font-size:29px}.elementor-widget-heading .elementor-heading-title.elementor-size-xl{font-size:39px}.elementor-widget-heading .elementor-heading-title.elementor-size-xxl{font-size:59px}<\/style><h1 class=\"elementor-heading-title elementor-size-default\">S\u0131k\u00e7a Sorulan Sorular<\/h1>\t\t<\/div>\n\t\t\t\t<\/div>\n\t\t\t\t\t<\/div>\n\t\t\t\t<\/div>\n\t\t<div class=\"elementor-element elementor-element-30b5064 e-flex e-con-boxed e-con e-parent\" data-id=\"30b5064\" data-element_type=\"container\" data-core-v316-plus=\"true\">\n\t\t\t\t\t<div class=\"e-con-inner\">\n\t\t\t\t<div class=\"elementor-element elementor-element-08ee094 elementor-widget elementor-widget-accordion\" data-id=\"08ee094\" data-element_type=\"widget\" data-widget_type=\"accordion.default\">\n\t\t\t\t<div class=\"elementor-widget-container\">\n\t\t\t<style>\/*! elementor - v3.20.0 - 26-03-2024 *\/\n.elementor-accordion{text-align:left}.elementor-accordion .elementor-accordion-item{border:1px solid #d5d8dc}.elementor-accordion .elementor-accordion-item+.elementor-accordion-item{border-top:none}.elementor-accordion .elementor-tab-title{margin:0;padding:15px 20px;font-weight:700;line-height:1;cursor:pointer;outline:none}.elementor-accordion .elementor-tab-title .elementor-accordion-icon{display:inline-block;width:1.5em}.elementor-accordion .elementor-tab-title .elementor-accordion-icon svg{width:1em;height:1em}.elementor-accordion .elementor-tab-title .elementor-accordion-icon.elementor-accordion-icon-right{float:right;text-align:right}.elementor-accordion .elementor-tab-title .elementor-accordion-icon.elementor-accordion-icon-left{float:left;text-align:left}.elementor-accordion .elementor-tab-title .elementor-accordion-icon .elementor-accordion-icon-closed{display:block}.elementor-accordion .elementor-tab-title .elementor-accordion-icon .elementor-accordion-icon-opened,.elementor-accordion .elementor-tab-title.elementor-active .elementor-accordion-icon-closed{display:none}.elementor-accordion .elementor-tab-title.elementor-active .elementor-accordion-icon-opened{display:block}.elementor-accordion .elementor-tab-content{display:none;padding:15px 20px;border-top:1px solid #d5d8dc}@media (max-width:767px){.elementor-accordion .elementor-tab-title{padding:12px 15px}.elementor-accordion .elementor-tab-title .elementor-accordion-icon{width:1.2em}.elementor-accordion .elementor-tab-content{padding:7px 15px}}.e-con-inner>.elementor-widget-accordion,.e-con>.elementor-widget-accordion{width:var(--container-widget-width);--flex-grow:var(--container-widget-flex-grow)}<\/style>\t\t<div class=\"elementor-accordion\">\n\t\t\t\t\t\t\t<div class=\"elementor-accordion-item\">\n\t\t\t\t\t<h3 id=\"elementor-tab-title-9361\" class=\"elementor-tab-title\" data-tab=\"1\" role=\"button\" aria-controls=\"elementor-tab-content-9361\" aria-expanded=\"false\">\n\t\t\t\t\t\t\t\t\t\t\t\t\t<span class=\"elementor-accordion-icon elementor-accordion-icon-left\" aria-hidden=\"true\">\n\t\t\t\t\t\t\t\t\t\t\t\t\t\t\t<span class=\"elementor-accordion-icon-closed\"><i class=\"fas fa-plus\"><\/i><\/span>\n\t\t\t\t\t\t\t\t<span class=\"elementor-accordion-icon-opened\"><i class=\"fas fa-minus\"><\/i><\/span>\n\t\t\t\t\t\t\t\t\t\t\t\t\t\t<\/span>\n\t\t\t\t\t\t\t\t\t\t\t\t<a class=\"elementor-accordion-title\" tabindex=\"0\">Sa\u00e7 Ekimi Sonras\u0131 S\u00fcre\u00e7 Nas\u0131ld\u0131r?<\/a>\n\t\t\t\t\t<\/h3>\n\t\t\t\t\t<div id=\"elementor-tab-content-9361\" class=\"elementor-tab-content elementor-clearfix\" data-tab=\"1\" role=\"region\" aria-labelledby=\"elementor-tab-title-9361\"><p>Sa\u00e7 ekimi i\u015flemi tamamland\u0131ktan sonra kullan\u0131lan teknik olan fue tekni\u011finin sa\u011flad\u0131\u011f\u0131 ba\u015far\u0131l\u0131 \u00e7al\u0131\u015fma sayesinde m\u00fc\u015fterimiz \u00e7ok fazla a\u011fr\u0131 \u00e7ekmeden atlatt\u0131\u011f\u0131 sa\u00e7 ekimi seans\u0131n\u0131n mutlulu\u011funu ya\u015famaya ba\u015flamaktad\u0131r. \u0130\u015flem s\u0131ras\u0131nda a\u011fr\u0131 olmamas\u0131 i\u00e7in yap\u0131lan lokal anestezinin etkisi ge\u00e7inceye kadar ekim i\u015flemi nedeniyle ya\u015fayabilece\u011finiz t\u00fcm a\u011fr\u0131 ve s\u0131z\u0131lar\u0131n\u0131z da neredeyse tamamen yok olacakt\u0131r. Anestezinin etkisi ge\u00e7ti\u011finde sanki hi\u00e7bir i\u015flem yap\u0131lmam\u0131\u015f gibi kendinizi rahat ve a\u011fr\u0131s\u0131z hissedeceksiniz. Ekim s\u0131ras\u0131nda sa\u00e7 deliklerinin a\u00e7\u0131lmas\u0131 i\u00e7in deri alt\u0131na enjekte edilen s\u0131v\u0131n\u0131n deriden at\u0131lmas\u0131 s\u00fcreci tahminen 15 g\u00fcn\u00fc bulabilmektedir. Bu s\u00fcre\u00e7te enjekte edilen s\u0131v\u0131 dolay\u0131s\u0131yla herhangi bir a\u011fr\u0131 veya s\u0131z\u0131 ya\u015famayacak olsan\u0131z da olu\u015fturdu\u011fu \u015fi\u015flikten dolay\u0131 kafan\u0131z\u0131n derisini \u015fi\u015fkin hissedebilirsiniz. Ancak 15 g\u00fcnl\u00fck s\u00fcre sonunda bu s\u0131v\u0131 derinizden y\u00fczde y\u00fcze yak\u0131n at\u0131lm\u0131\u015f olacakt\u0131r.<\/p><\/div>\n\t\t\t\t<\/div>\n\t\t\t\t\t\t\t<div class=\"elementor-accordion-item\">\n\t\t\t\t\t<h3 id=\"elementor-tab-title-9362\" class=\"elementor-tab-title\" data-tab=\"2\" role=\"button\" aria-controls=\"elementor-tab-content-9362\" aria-expanded=\"false\">\n\t\t\t\t\t\t\t\t\t\t\t\t\t<span class=\"elementor-accordion-icon elementor-accordion-icon-left\" aria-hidden=\"true\">\n\t\t\t\t\t\t\t\t\t\t\t\t\t\t\t<span class=\"elementor-accordion-icon-closed\"><i class=\"fas fa-plus\"><\/i><\/span>\n\t\t\t\t\t\t\t\t<span class=\"elementor-accordion-icon-opened\"><i class=\"fas fa-minus\"><\/i><\/span>\n\t\t\t\t\t\t\t\t\t\t\t\t\t\t<\/span>\n\t\t\t\t\t\t\t\t\t\t\t\t<a class=\"elementor-accordion-title\" tabindex=\"0\">Sa\u00e7 Ekimi Sonras\u0131nda Pansuman Gerekecek Mi?<\/a>\n\t\t\t\t\t<\/h3>\n\t\t\t\t\t<div id=\"elementor-tab-content-9362\" class=\"elementor-tab-content elementor-clearfix\" data-tab=\"2\" role=\"region\" aria-labelledby=\"elementor-tab-title-9362\"><p>Sonras\u0131 \u00f6zellikle don\u00f6r alan kapat\u0131lmakta, al\u0131c\u0131 alan a\u00e7\u0131k b\u0131rak\u0131lmaktad\u0131r. Bu pansuman ortalama 2-3 g\u00fcn sonra sa\u00e7lar y\u0131kan\u0131rken \u00e7\u0131kart\u0131lmaktad\u0131r.<\/p><\/div>\n\t\t\t\t<\/div>\n\t\t\t\t\t\t\t<div class=\"elementor-accordion-item\">\n\t\t\t\t\t<h3 id=\"elementor-tab-title-9363\" class=\"elementor-tab-title\" data-tab=\"3\" role=\"button\" aria-controls=\"elementor-tab-content-9363\" aria-expanded=\"false\">\n\t\t\t\t\t\t\t\t\t\t\t\t\t<span class=\"elementor-accordion-icon elementor-accordion-icon-left\" aria-hidden=\"true\">\n\t\t\t\t\t\t\t\t\t\t\t\t\t\t\t<span class=\"elementor-accordion-icon-closed\"><i class=\"fas fa-plus\"><\/i><\/span>\n\t\t\t\t\t\t\t\t<span class=\"elementor-accordion-icon-opened\"><i class=\"fas fa-minus\"><\/i><\/span>\n\t\t\t\t\t\t\t\t\t\t\t\t\t\t<\/span>\n\t\t\t\t\t\t\t\t\t\t\t\t<a class=\"elementor-accordion-title\" tabindex=\"0\">Sa\u00e7 Ekim Uygulamas\u0131ndan Sonra Hastanede Kalmak Gerekir Mi?<\/a>\n\t\t\t\t\t<\/h3>\n\t\t\t\t\t<div id=\"elementor-tab-content-9363\" class=\"elementor-tab-content elementor-clearfix\" data-tab=\"3\" role=\"region\" aria-labelledby=\"elementor-tab-title-9363\"><p>\u0130\u015flem sonras\u0131 hastanede kalmaya gerek yoktur, hasta i\u015flemden hemen sonra evine gidebilir.<\/p><\/div>\n\t\t\t\t<\/div>\n\t\t\t\t\t\t\t<div class=\"elementor-accordion-item\">\n\t\t\t\t\t<h3 id=\"elementor-tab-title-9364\" class=\"elementor-tab-title\" data-tab=\"4\" role=\"button\" aria-controls=\"elementor-tab-content-9364\" aria-expanded=\"false\">\n\t\t\t\t\t\t\t\t\t\t\t\t\t<span class=\"elementor-accordion-icon elementor-accordion-icon-left\" aria-hidden=\"true\">\n\t\t\t\t\t\t\t\t\t\t\t\t\t\t\t<span class=\"elementor-accordion-icon-closed\"><i class=\"fas fa-plus\"><\/i><\/span>\n\t\t\t\t\t\t\t\t<span class=\"elementor-accordion-icon-opened\"><i class=\"fas fa-minus\"><\/i><\/span>\n\t\t\t\t\t\t\t\t\t\t\t\t\t\t<\/span>\n\t\t\t\t\t\t\t\t\t\t\t\t<a class=\"elementor-accordion-title\" tabindex=\"0\">Sa\u00e7 Ekimi \u0130\u015flemi Ne Kadar S\u00fcrer?<\/a>\n\t\t\t\t\t<\/h3>\n\t\t\t\t\t<div id=\"elementor-tab-content-9364\" class=\"elementor-tab-content elementor-clearfix\" data-tab=\"4\" role=\"region\" aria-labelledby=\"elementor-tab-title-9364\"><p>Normal \u015fartlarda ortalama 6 ile 8 saat aras\u0131 s\u00fcrmektedir.<\/p><\/div>\n\t\t\t\t<\/div>\n\t\t\t\t\t\t\t<div class=\"elementor-accordion-item\">\n\t\t\t\t\t<h3 id=\"elementor-tab-title-9365\" class=\"elementor-tab-title\" data-tab=\"5\" role=\"button\" aria-controls=\"elementor-tab-content-9365\" aria-expanded=\"false\">\n\t\t\t\t\t\t\t\t\t\t\t\t\t<span class=\"elementor-accordion-icon elementor-accordion-icon-left\" aria-hidden=\"true\">\n\t\t\t\t\t\t\t\t\t\t\t\t\t\t\t<span class=\"elementor-accordion-icon-closed\"><i class=\"fas fa-plus\"><\/i><\/span>\n\t\t\t\t\t\t\t\t<span class=\"elementor-accordion-icon-opened\"><i class=\"fas fa-minus\"><\/i><\/span>\n\t\t\t\t\t\t\t\t\t\t\t\t\t\t<\/span>\n\t\t\t\t\t\t\t\t\t\t\t\t<a class=\"elementor-accordion-title\" tabindex=\"0\">Sa\u00e7 Ekiminden Sonra K\u0131zar\u0131kl\u0131k Olur Mu?<\/a>\n\t\t\t\t\t<\/h3>\n\t\t\t\t\t<div id=\"elementor-tab-content-9365\" class=\"elementor-tab-content elementor-clearfix\" data-tab=\"5\" role=\"region\" aria-labelledby=\"elementor-tab-title-9365\"><p>Yara iyile\u015fmesi s\u00fcrecinde bir k\u0131zar\u0131kl\u0131k olabilir. Hassas olmayan ciltlerde bu k\u0131zar\u0131kl\u0131\u011f\u0131n 10 g\u00fcn i\u00e7erisinde ge\u00e7mesi beklenmektedir. Fakat hassa ciltlerde bu k\u0131zar\u0131kl\u0131k daha uzun s\u00fcrebilir.<\/p><\/div>\n\t\t\t\t<\/div>\n\t\t\t\t\t\t\t<div class=\"elementor-accordion-item\">\n\t\t\t\t\t<h3 id=\"elementor-tab-title-9366\" class=\"elementor-tab-title\" data-tab=\"6\" role=\"button\" aria-controls=\"elementor-tab-content-9366\" aria-expanded=\"false\">\n\t\t\t\t\t\t\t\t\t\t\t\t\t<span class=\"elementor-accordion-icon elementor-accordion-icon-left\" aria-hidden=\"true\">\n\t\t\t\t\t\t\t\t\t\t\t\t\t\t\t<span class=\"elementor-accordion-icon-closed\"><i class=\"fas fa-plus\"><\/i><\/span>\n\t\t\t\t\t\t\t\t<span class=\"elementor-accordion-icon-opened\"><i class=\"fas fa-minus\"><\/i><\/span>\n\t\t\t\t\t\t\t\t\t\t\t\t\t\t<\/span>\n\t\t\t\t\t\t\t\t\t\t\t\t<a class=\"elementor-accordion-title\" tabindex=\"0\">Ekilen Sa\u00e7lar Sonradan D\u00f6k\u00fcl\u00fcr M\u00fc?<\/a>\n\t\t\t\t\t<\/h3>\n\t\t\t\t\t<div id=\"elementor-tab-content-9366\" class=\"elementor-tab-content elementor-clearfix\" data-tab=\"6\" role=\"region\" aria-labelledby=\"elementor-tab-title-9366\"><p>Operasyondan ortalama 3-4 hafta sonra kesik \u015feklinde d\u00f6k\u00fcl\u00fcr. Bu olaya \u015fok d\u00f6k\u00fclme denilir. Asl\u0131nda \u00fcreten folik\u00fcller ekilmektedir. Sa\u00e7lar d\u00fc\u015ferken bu folik\u00fcller deri alt\u0131nda kal\u0131r ve sa\u00e7lar\u0131 \u00fcretmeye ba\u015flarlar. Ortalama 3 ay sonra \u00e7\u0131kmaya ba\u015flarlar. Hepsi ayn\u0131 anda \u00e7\u0131kmamaktad\u0131r. \u00c7\u0131k\u0131\u015f\u0131 yo\u011funlu\u011fu artt\u0131racak \u015fekilde ortalama 5 ay boyunca devam eder ve sekizinci aya kadar devam eder. B\u00f6lgelerde asimetri, bir b\u00f6lgenin daha \u00f6nce yo\u011funla\u015fmas\u0131, ba\u015fka b\u00f6lgelerin daha seyrek g\u00f6r\u00fclmesi gibi durumlar g\u00f6r\u00fclebilir. Dolay\u0131s\u0131 ile bu d\u00f6nemde sonucunu de\u011ferlendirmek do\u011fru olmayacakt\u0131r. \u00c7\u0131k\u0131\u015flar\u0131n de\u011ferlendirilmesi i\u00e7in ortalama 8 ay beklenmelidir. Sekizinci ay birinci y\u0131l aras\u0131nda skar da yumu\u015fama ve bu yumu\u015famaya ba\u011fl\u0131 sa\u00e7l\u0131 tellerin redistrib\u00fcsyonu ve ayr\u0131ca kal\u0131nla\u015fma g\u00f6r\u00fcl\u00fcr. Sekizinci ay ile birinci y\u0131l kar\u015f\u0131la\u015ft\u0131r\u0131ld\u0131\u011f\u0131nda birinci y\u0131l g\u00f6r\u00fcnt\u00fcs\u00fcn\u00fcn daha do\u011fala yak\u0131n oldu\u011fu fark edilir. Do\u011fal g\u00f6r\u00fcn\u00fcm\u00fc de\u011ferlendirilmesi i\u00e7inde ortalama bir y\u0131l beklenebilir. DHT hormonu taraf\u0131ndan etkilenmediklerinden erkek tipi kellikteki gibi bir d\u00f6k\u00fclme g\u00f6r\u00fclmemektedir.<\/p><\/div>\n\t\t\t\t<\/div>\n\t\t\t\t\t\t\t<div class=\"elementor-accordion-item\">\n\t\t\t\t\t<h3 id=\"elementor-tab-title-9367\" class=\"elementor-tab-title\" data-tab=\"7\" role=\"button\" aria-controls=\"elementor-tab-content-9367\" aria-expanded=\"false\">\n\t\t\t\t\t\t\t\t\t\t\t\t\t<span class=\"elementor-accordion-icon elementor-accordion-icon-left\" aria-hidden=\"true\">\n\t\t\t\t\t\t\t\t\t\t\t\t\t\t\t<span class=\"elementor-accordion-icon-closed\"><i class=\"fas fa-plus\"><\/i><\/span>\n\t\t\t\t\t\t\t\t<span class=\"elementor-accordion-icon-opened\"><i class=\"fas fa-minus\"><\/i><\/span>\n\t\t\t\t\t\t\t\t\t\t\t\t\t\t<\/span>\n\t\t\t\t\t\t\t\t\t\t\t\t<a class=\"elementor-accordion-title\" tabindex=\"0\">Sa\u00e7lar\u0131mdaki Kabuklar D\u00fc\u015ft\u00fckten Sonra Nelere Dikkat Etmek Gerekir?<\/a>\n\t\t\t\t\t<\/h3>\n\t\t\t\t\t<div id=\"elementor-tab-content-9367\" class=\"elementor-tab-content elementor-clearfix\" data-tab=\"7\" role=\"region\" aria-labelledby=\"elementor-tab-title-9367\"><p>Ortalama bir bu\u00e7uk ay hamam, havuz, sauna, deniz, a\u011f\u0131r sporlar \u00f6nerilmemektedir. Sigara ve alkol azalt\u0131labilir. Hasta daha \u00f6nce kulland\u0131\u011f\u0131 \u015fampuanlar\u0131n\u0131 kullanabilir.<\/p><\/div>\n\t\t\t\t<\/div>\n\t\t\t\t\t\t\t<div class=\"elementor-accordion-item\">\n\t\t\t\t\t<h3 id=\"elementor-tab-title-9368\" class=\"elementor-tab-title\" data-tab=\"8\" role=\"button\" aria-controls=\"elementor-tab-content-9368\" aria-expanded=\"false\">\n\t\t\t\t\t\t\t\t\t\t\t\t\t<span class=\"elementor-accordion-icon elementor-accordion-icon-left\" aria-hidden=\"true\">\n\t\t\t\t\t\t\t\t\t\t\t\t\t\t\t<span class=\"elementor-accordion-icon-closed\"><i class=\"fas fa-plus\"><\/i><\/span>\n\t\t\t\t\t\t\t\t<span class=\"elementor-accordion-icon-opened\"><i class=\"fas fa-minus\"><\/i><\/span>\n\t\t\t\t\t\t\t\t\t\t\t\t\t\t<\/span>\n\t\t\t\t\t\t\t\t\t\t\t\t<a class=\"elementor-accordion-title\" tabindex=\"0\">Sa\u00e7 Ekimi Operasyon Sonras\u0131nda Nelere Dikkat Edilmelidir?<\/a>\n\t\t\t\t\t<\/h3>\n\t\t\t\t\t<div id=\"elementor-tab-content-9368\" class=\"elementor-tab-content elementor-clearfix\" data-tab=\"8\" role=\"region\" aria-labelledby=\"elementor-tab-title-9368\"><p>\u00d6zellikle i\u015flem yap\u0131lan b\u00f6lge her t\u00fcrl\u00fc travmadan korunmal\u0131d\u0131r. Olu\u015fabilecek \u00f6demin \u00f6nlenmesi hastan\u0131n s\u0131rt \u00fcst\u00fc uzanmas\u0131 ile engellenebilir. Operasyona ba\u011fl\u0131 \u00f6dem nedeni ile sa\u00e7lar\u0131n \u00e7izgisi hastay\u0131 yan\u0131ltacak \u015fekilde asimetrik ya da \u00e7ok geride g\u00f6r\u00fclebilir. Bu t\u00fcr de\u011ferlendirmelerin yap\u0131labilmesi asl\u0131nda ancak 8 ay sonra m\u00fcmk\u00fcn olacakt\u0131r. Eve giderken hastan\u0131n ara\u00e7 kullanmas\u0131 \u00f6nerilmemektedir. Evde doktorlar\u0131 taraf\u0131ndan re\u00e7ete edilen ila\u00e7lar\u0131n\u0131 kullanmaya ba\u015flayabilir. Operasyon sonras\u0131 hafif yemekler yenmesi \u00f6nerilmektedir. Yine operasyon sonras\u0131 ortalama 10 g\u00fcn sigara ve alkol, kullan\u0131m\u0131 \u00f6nerilmemektedir.<\/p><\/div>\n\t\t\t\t<\/div>\n\t\t\t\t\t\t\t<div class=\"elementor-accordion-item\">\n\t\t\t\t\t<h3 id=\"elementor-tab-title-9369\" class=\"elementor-tab-title\" data-tab=\"9\" role=\"button\" aria-controls=\"elementor-tab-content-9369\" aria-expanded=\"false\">\n\t\t\t\t\t\t\t\t\t\t\t\t\t<span class=\"elementor-accordion-icon elementor-accordion-icon-left\" aria-hidden=\"true\">\n\t\t\t\t\t\t\t\t\t\t\t\t\t\t\t<span class=\"elementor-accordion-icon-closed\"><i class=\"fas fa-plus\"><\/i><\/span>\n\t\t\t\t\t\t\t\t<span class=\"elementor-accordion-icon-opened\"><i class=\"fas fa-minus\"><\/i><\/span>\n\t\t\t\t\t\t\t\t\t\t\t\t\t\t<\/span>\n\t\t\t\t\t\t\t\t\t\t\t\t<a class=\"elementor-accordion-title\" tabindex=\"0\">Sa\u00e7 Ekimini Kimler Yapt\u0131rabilir?<\/a>\n\t\t\t\t\t<\/h3>\n\t\t\t\t\t<div id=\"elementor-tab-content-9369\" class=\"elementor-tab-content elementor-clearfix\" data-tab=\"9\" role=\"region\" aria-labelledby=\"elementor-tab-title-9369\"><p>Don\u00f6r alan yeterli oldu\u011fu s\u00fcrece sa\u00e7\u0131 d\u00f6k\u00fclm\u00fc\u015f her insan yapt\u0131rabilir. Don\u00f6r alanda d\u00fcz \u00e7izgi \u015feklinde bir skar istemeyen, bir seansta fazla greft ekilmesini arzulayan, don\u00f6r alan sa\u00e7lar\u0131n\u0131 k\u0131sa kullanmak isteyen hastalar i\u00e7in fue y\u00f6ntemi \u00f6nerilebilir. Daha \u00f6nce fut ya da fue yapt\u0131rm\u0131\u015f adaylar i\u00e7in de yine fue tekni\u011fi \u00f6nerilir. Sa\u00e7\u0131n \u00e7izgi b\u00f6lgesinde ya da ta\u00e7 b\u00f6lgesinde k\u00fc\u00e7\u00fck a\u00e7\u0131lmalar\u0131 olan, ilerde d\u00f6k\u00fclme riski, dolay\u0131s\u0131 ile ikinci ve ya \u00fc\u00e7\u00fcnc\u00fc bir operasyon ihtiyac\u0131 olabilecek olan hastalar i\u00e7in fue \u00e7ok uygun bir y\u00f6ntemdir.<\/p><\/div>\n\t\t\t\t<\/div>\n\t\t\t\t\t\t\t<div class=\"elementor-accordion-item\">\n\t\t\t\t\t<h3 id=\"elementor-tab-title-93610\" class=\"elementor-tab-title\" data-tab=\"10\" role=\"button\" aria-controls=\"elementor-tab-content-93610\" aria-expanded=\"false\">\n\t\t\t\t\t\t\t\t\t\t\t\t\t<span class=\"elementor-accordion-icon elementor-accordion-icon-left\" aria-hidden=\"true\">\n\t\t\t\t\t\t\t\t\t\t\t\t\t\t\t<span class=\"elementor-accordion-icon-closed\"><i class=\"fas fa-plus\"><\/i><\/span>\n\t\t\t\t\t\t\t\t<span class=\"elementor-accordion-icon-opened\"><i class=\"fas fa-minus\"><\/i><\/span>\n\t\t\t\t\t\t\t\t\t\t\t\t\t\t<\/span>\n\t\t\t\t\t\t\t\t\t\t\t\t<a class=\"elementor-accordion-title\" tabindex=\"0\">Sa\u00e7lar\u0131 Kestirmeden Sa\u00e7 Ekimi Yap\u0131labilir Mi?<\/a>\n\t\t\t\t\t<\/h3>\n\t\t\t\t\t<div id=\"elementor-tab-content-93610\" class=\"elementor-tab-content elementor-clearfix\" data-tab=\"10\" role=\"region\" aria-labelledby=\"elementor-tab-title-93610\"><p>Genellikle hem al\u0131c\u0131 alan hem de verici alandaki sa\u00e7lar k\u0131salt\u0131lmakta. \u00d6zellikle don\u00f6r alan fue y\u00f6nteminde k\u0131salt\u0131lmaktad\u0131r.<\/p><\/div>\n\t\t\t\t<\/div>\n\t\t\t\t\t\t\t<div class=\"elementor-accordion-item\">\n\t\t\t\t\t<h3 id=\"elementor-tab-title-93611\" class=\"elementor-tab-title\" data-tab=\"11\" role=\"button\" aria-controls=\"elementor-tab-content-93611\" aria-expanded=\"false\">\n\t\t\t\t\t\t\t\t\t\t\t\t\t<span class=\"elementor-accordion-icon elementor-accordion-icon-left\" aria-hidden=\"true\">\n\t\t\t\t\t\t\t\t\t\t\t\t\t\t\t<span class=\"elementor-accordion-icon-closed\"><i class=\"fas fa-plus\"><\/i><\/span>\n\t\t\t\t\t\t\t\t<span class=\"elementor-accordion-icon-opened\"><i class=\"fas fa-minus\"><\/i><\/span>\n\t\t\t\t\t\t\t\t\t\t\t\t\t\t<\/span>\n\t\t\t\t\t\t\t\t\t\t\t\t<a class=\"elementor-accordion-title\" tabindex=\"0\">Kimler Sa\u00e7 Ekimi Yapt\u0131rmamal\u0131d\u0131r?<\/a>\n\t\t\t\t\t<\/h3>\n\t\t\t\t\t<div id=\"elementor-tab-content-93611\" class=\"elementor-tab-content elementor-clearfix\" data-tab=\"11\" role=\"region\" aria-labelledby=\"elementor-tab-title-93611\"><p>Lokal anestezi alt\u0131nda yap\u0131lacak bir operasyonda kontraendikasyon olu\u015fturacak herhangi bir sistemik hastal\u0131k varsa bu hastal\u0131k tedavi edildikten sonra yap\u0131lmal\u0131d\u0131r. Beklentileri ger\u00e7ek\u00e7i olmayan, don\u00f6r alan\u0131 yetersiz hastalara \u00f6nerilmemektedir. Yine aktif deri hastal\u0131\u011f\u0131 olan hastalarda aktif hastal\u0131k tedavisinden sonra yap\u0131lmal\u0131d\u0131r. \u0130\u015flem \u00f6ncesi B12, B6, \u00e7inko d\u00fczeyleri normal olmal\u0131 varsa tiroid rahats\u0131zl\u0131\u011f\u0131 tedavi edilmelidir. \u015eeker hastalar\u0131nda kan \u015feker seviyeleri normal d\u00fczeylerde olmal\u0131d\u0131r. Hastalarda trikotillomani, obsesif-komp\u00fclsif rahats\u0131zl\u0131k, depresyon ve v\u00fccut dismorfik sendrom gibi psikolojik rahats\u0131zl\u0131klar\u0131n varl\u0131\u011f\u0131 yine de ara\u015ft\u0131r\u0131lmal\u0131d\u0131r.<\/p><\/div>\n\t\t\t\t<\/div>\n\t\t\t\t\t\t\t<div class=\"elementor-accordion-item\">\n\t\t\t\t\t<h3 id=\"elementor-tab-title-93612\" class=\"elementor-tab-title\" data-tab=\"12\" role=\"button\" aria-controls=\"elementor-tab-content-93612\" aria-expanded=\"false\">\n\t\t\t\t\t\t\t\t\t\t\t\t\t<span class=\"elementor-accordion-icon elementor-accordion-icon-left\" aria-hidden=\"true\">\n\t\t\t\t\t\t\t\t\t\t\t\t\t\t\t<span class=\"elementor-accordion-icon-closed\"><i class=\"fas fa-plus\"><\/i><\/span>\n\t\t\t\t\t\t\t\t<span class=\"elementor-accordion-icon-opened\"><i class=\"fas fa-minus\"><\/i><\/span>\n\t\t\t\t\t\t\t\t\t\t\t\t\t\t<\/span>\n\t\t\t\t\t\t\t\t\t\t\t\t<a class=\"elementor-accordion-title\" tabindex=\"0\">Sa\u00e7 Ekimi Yapan Ki\u015filer Hangi Bak\u0131m\u0131 Yapmal\u0131d\u0131r?<\/a>\n\t\t\t\t\t<\/h3>\n\t\t\t\t\t<div id=\"elementor-tab-content-93612\" class=\"elementor-tab-content elementor-clearfix\" data-tab=\"12\" role=\"region\" aria-labelledby=\"elementor-tab-title-93612\"><p>Ki\u015filerin kafatas\u0131 derileri ve sa\u00e7 \u00f6zellikleri birbirlerinden farkl\u0131l\u0131k g\u00f6stermektedir. Bu y\u00fczden sa\u00e7 ekimi sonras\u0131 al\u0131nan hizmetler sonras\u0131 ki\u015finin sa\u00e7lar\u0131na yapaca\u011f\u0131 bak\u0131m uzman doktor taraf\u0131ndan aktar\u0131ld\u0131\u011f\u0131nda, eksiksiz olarak uygulanmal\u0131d\u0131r. Aksi taktirde sa\u00e7lar\u0131n tekrardan d\u00f6k\u00fclmesi yada sa\u00e7 ekimi ameliyat\u0131n\u0131n ba\u015far\u0131s\u0131 g\u00f6lgeye d\u00fc\u015febilir. Genel anlamda sa\u00e7 ekimi sonras\u0131 yap\u0131lan bak\u0131mlar incelendi\u011finde, ki\u015filerin sa\u00e7 ekimi sonras\u0131 belirli bir s\u00fcre sa\u00e7lar\u0131n\u0131 y\u0131kama i\u015flemini yapmamal\u0131d\u0131r. Ayr\u0131ca belirli bir s\u00fcre \u015fapka tak\u0131lmamas\u0131 gerekmektedir. Bu yap\u0131lanlardan kaynakl\u0131 sa\u00e7lar\u0131n kirlenme olas\u0131l\u0131\u011f\u0131 bulundu\u011fu i\u00e7in, hava kirlili\u011fi olan yerlerden uzak durulmal\u0131 a\u011f\u0131r i\u015fler yap\u0131lmamal\u0131d\u0131r. Sinir, stres, kayg\u0131 gibi insan\u0131 yoran hislerden uzak durmaya \u00e7al\u0131\u015f\u0131lmal\u0131d\u0131r. En \u00f6nemlisi de sigara kullanan ki\u015filerin uzun bir s\u00fcre sigara kullanmamas\u0131 gerekmektedir.<\/p><\/div>\n\t\t\t\t<\/div>\n\t\t\t\t\t\t\t<div class=\"elementor-accordion-item\">\n\t\t\t\t\t<h3 id=\"elementor-tab-title-93613\" class=\"elementor-tab-title\" data-tab=\"13\" role=\"button\" aria-controls=\"elementor-tab-content-93613\" aria-expanded=\"false\">\n\t\t\t\t\t\t\t\t\t\t\t\t\t<span class=\"elementor-accordion-icon elementor-accordion-icon-left\" aria-hidden=\"true\">\n\t\t\t\t\t\t\t\t\t\t\t\t\t\t\t<span class=\"elementor-accordion-icon-closed\"><i class=\"fas fa-plus\"><\/i><\/span>\n\t\t\t\t\t\t\t\t<span class=\"elementor-accordion-icon-opened\"><i class=\"fas fa-minus\"><\/i><\/span>\n\t\t\t\t\t\t\t\t\t\t\t\t\t\t<\/span>\n\t\t\t\t\t\t\t\t\t\t\t\t<a class=\"elementor-accordion-title\" tabindex=\"0\">Sa\u00e7 Ekimi Sonras\u0131 Ne Kadar S\u00fcrede Sa\u00e7 \u00c7\u0131kmaya Ba\u015flar?<\/a>\n\t\t\t\t\t<\/h3>\n\t\t\t\t\t<div id=\"elementor-tab-content-93613\" class=\"elementor-tab-content elementor-clearfix\" data-tab=\"13\" role=\"region\" aria-labelledby=\"elementor-tab-title-93613\"><p>Sa\u00e7 ekimi yapt\u0131ran ki\u015filer, genel manada sa\u00e7lar\u0131n\u0131n hemen \u00e7\u0131kaca\u011f\u0131n\u0131 d\u00fc\u015f\u00fcnmektedir. Ancak sa\u00e7 \u00e7\u0131kma i\u015flemi sab\u0131r ve emek isteyen i\u015flemlerdir. Sa\u00e7 ekimi ameliyat\u0131 sonras\u0131 sa\u00e7 k\u0131l k\u00f6k\u00fc say\u0131s\u0131 kafada artt\u0131\u011f\u0131 g\u00f6zlemlenmektedir. Bu sa\u00e7lar\u0131n al\u0131nan besinlerle olgunla\u015fmas\u0131 ve g\u00fc\u00e7lenmesi zaman almaktad\u0131r. Ayr\u0131ca sa\u00e7 k\u0131l\u0131 k\u00f6klerinin a\u00e7\u0131kta durdu\u011fu i\u00e7in alaca\u011f\u0131 zarar sa\u00e7 \u00e7\u0131kma i\u015flemini yava\u015flatmaktad\u0131r. Uzun s\u00fcre sa\u00e7lar\u0131n korunmas\u0131 ve bak\u0131m\u0131n\u0131n d\u00fczenli olarak yap\u0131lamas\u0131 bir ka\u00e7 ay sonra g\u00f6zlemlenebilir bir \u015fekilde sa\u00e7lar\u0131n uzad\u0131\u011f\u0131n\u0131 g\u00f6sterecektir. Sa\u00e7 ekimi sonras\u0131 Vedat Tosun taraf\u0131ndan \u00f6nerilenlerin yap\u0131lmas\u0131 sa\u00e7 \u00e7\u0131kmas\u0131n\u0131 kolayla\u015ft\u0131rmaktad\u0131r. Gerekli kontrollerin yap\u0131lmas\u0131n\u0131n ard\u0131ndan, sa\u00e7 i\u00e7in \u00f6nerilen \u015fampuan\u0131n kullan\u0131lmas\u0131 da bu i\u015flemler kapsam\u0131nda gerekli g\u00f6r\u00fclmektedir. Do\u011fru \u015fampuan ve uygulamalarla temiz tutulan sa\u00e7 k\u00f6klerinde sa\u00e7 uzamas\u0131 sa\u011fl\u0131kl\u0131 bir \u015fekilde ger\u00e7ekle\u015fmektedir.<\/p><\/div>\n\t\t\t\t<\/div>\n\t\t\t\t\t\t\t<div class=\"elementor-accordion-item\">\n\t\t\t\t\t<h3 id=\"elementor-tab-title-93614\" class=\"elementor-tab-title\" data-tab=\"14\" role=\"button\" aria-controls=\"elementor-tab-content-93614\" aria-expanded=\"false\">\n\t\t\t\t\t\t\t\t\t\t\t\t\t<span class=\"elementor-accordion-icon elementor-accordion-icon-left\" aria-hidden=\"true\">\n\t\t\t\t\t\t\t\t\t\t\t\t\t\t\t<span class=\"elementor-accordion-icon-closed\"><i class=\"fas fa-plus\"><\/i><\/span>\n\t\t\t\t\t\t\t\t<span class=\"elementor-accordion-icon-opened\"><i class=\"fas fa-minus\"><\/i><\/span>\n\t\t\t\t\t\t\t\t\t\t\t\t\t\t<\/span>\n\t\t\t\t\t\t\t\t\t\t\t\t<a class=\"elementor-accordion-title\" tabindex=\"0\">Sa\u00e7 Ekimi Hangi Hizmetleri Kapsamaktad\u0131r?<\/a>\n\t\t\t\t\t<\/h3>\n\t\t\t\t\t<div id=\"elementor-tab-content-93614\" class=\"elementor-tab-content elementor-clearfix\" data-tab=\"14\" role=\"region\" aria-labelledby=\"elementor-tab-title-93614\"><p>Sa\u00e7 ekimi hizmetlerinden yararlanacak ki\u015filer www.wonderhairclinic.com \u00fczerinden randevu alabilir ve sa\u00e7 k\u00f6klerinde muayene yap\u0131lmas\u0131n\u0131 sa\u011flayabilir. \u00dccretsiz muayene sa\u00e7 ekimi hizmetleri kapsam\u0131nda verilmektedir. Ayr\u0131ca sa\u00e7 ekimi i\u00e7in kulak ve ense gibi b\u00f6l\u00fcmlerden al\u0131nan k\u0131l ve k\u0131l k\u00f6kleri i\u00e7in yap\u0131lan lokal anestezi a\u011fr\u0131s\u0131z yap\u0131lmaktad\u0131r. Sa\u00e7 ekimi ameliyat\u0131n\u0131n yap\u0131laca\u011f\u0131 hastanenin tam donan\u0131ml\u0131 olmas\u0131 da iyile\u015fme s\u00fcresinde sa\u00e7lar\u0131n \u00e7\u0131kma a\u015famas\u0131 i\u00e7in \u00f6nemlidir. En \u00f6nemlisi verilen hizmetler profesyonel bir ekiple, geli\u015fmi\u015f teknolojik aletlerle sunulmaktad\u0131r. 20 y\u0131l\u0131 a\u015fk\u0131n tecr\u00fcbe sa\u00e7 ekimi hizmetlerinin kalitesini ortaya koymaktad\u0131r. Bu sayede \u00fclkemizden ve D\u00fcnya\u2019dan sa\u00e7 ektirmek i\u00e7in gelen ki\u015filer bu sayede profesyonel olarak sa\u00e7 d\u00f6k\u00fclme problemini gidermi\u015f olurlar. Ayr\u0131ca yap\u0131lan sa\u00e7 ekimi operasyonlar\u0131n\u0131n garantisi de hastane taraf\u0131ndan verilmektedir. Bu sorunsuz ve kaliteli verilen hizmetin g\u00fcvencesi olmaktad\u0131r.<\/p><\/div>\n\t\t\t\t<\/div>\n\t\t\t\t\t\t\t<div class=\"elementor-accordion-item\">\n\t\t\t\t\t<h3 id=\"elementor-tab-title-93615\" class=\"elementor-tab-title\" data-tab=\"15\" role=\"button\" aria-controls=\"elementor-tab-content-93615\" aria-expanded=\"false\">\n\t\t\t\t\t\t\t\t\t\t\t\t\t<span class=\"elementor-accordion-icon elementor-accordion-icon-left\" aria-hidden=\"true\">\n\t\t\t\t\t\t\t\t\t\t\t\t\t\t\t<span class=\"elementor-accordion-icon-closed\"><i class=\"fas fa-plus\"><\/i><\/span>\n\t\t\t\t\t\t\t\t<span class=\"elementor-accordion-icon-opened\"><i class=\"fas fa-minus\"><\/i><\/span>\n\t\t\t\t\t\t\t\t\t\t\t\t\t\t<\/span>\n\t\t\t\t\t\t\t\t\t\t\t\t<a class=\"elementor-accordion-title\" tabindex=\"0\">Sa\u00e7 Ekimi S\u0131ras\u0131nda Hangi Teknikler Kullan\u0131lmaktad\u0131r?<\/a>\n\t\t\t\t\t<\/h3>\n\t\t\t\t\t<div id=\"elementor-tab-content-93615\" class=\"elementor-tab-content elementor-clearfix\" data-tab=\"15\" role=\"region\" aria-labelledby=\"elementor-tab-title-93615\"><p>Sa\u00e7 ekimi s\u0131ras\u0131nda ekimin yap\u0131laca\u011f\u0131 ki\u015fiye en uygun teknik, muayene s\u0131ras\u0131nda belirlenmektedir. Kullan\u0131lan teknikler aras\u0131nda ki\u015filer i\u00e7in en iyi y\u00f6ntemler lokal anestezi ile yap\u0131lan i\u015flemlerdir. Lokal anestezi ameliyat s\u0131ras\u0131nda ve sonras\u0131nda a\u011fr\u0131 hissinin olu\u015fumunu engellemektedir. Lokal anestezi sonras\u0131 sa\u00e7 ekimi mikro motor yard\u0131m\u0131yla yap\u0131lmaktad\u0131r. Sa\u00e7 ekimi s\u0131ras\u0131nda kullan\u0131lan mikro motorlar, \u00e7e\u015fitlilik g\u00f6stermektedir.<\/p><\/div>\n\t\t\t\t<\/div>\n\t\t\t\t\t\t\t<div class=\"elementor-accordion-item\">\n\t\t\t\t\t<h3 id=\"elementor-tab-title-93616\" class=\"elementor-tab-title\" data-tab=\"16\" role=\"button\" aria-controls=\"elementor-tab-content-93616\" aria-expanded=\"false\">\n\t\t\t\t\t\t\t\t\t\t\t\t\t<span class=\"elementor-accordion-icon elementor-accordion-icon-left\" aria-hidden=\"true\">\n\t\t\t\t\t\t\t\t\t\t\t\t\t\t\t<span class=\"elementor-accordion-icon-closed\"><i class=\"fas fa-plus\"><\/i><\/span>\n\t\t\t\t\t\t\t\t<span class=\"elementor-accordion-icon-opened\"><i class=\"fas fa-minus\"><\/i><\/span>\n\t\t\t\t\t\t\t\t\t\t\t\t\t\t<\/span>\n\t\t\t\t\t\t\t\t\t\t\t\t<a class=\"elementor-accordion-title\" tabindex=\"0\">Sa\u00e7 Ekimi Nas\u0131l Yap\u0131lmaktad\u0131r?<\/a>\n\t\t\t\t\t<\/h3>\n\t\t\t\t\t<div id=\"elementor-tab-content-93616\" class=\"elementor-tab-content elementor-clearfix\" data-tab=\"16\" role=\"region\" aria-labelledby=\"elementor-tab-title-93616\"><p>Basit\u00e7e, kulak ve ense \u00fcst\u00fc k\u0131llar\u0131n al\u0131narak, sa\u00e7\u0131n olmad\u0131\u011f\u0131 kafa b\u00f6lgelerine eklenmesi i\u015flemi ile yap\u0131lan ameliyatlard\u0131r. Bu ameliyatlar profesyonel olarak yap\u0131lmal\u0131d\u0131r. Aksi taktirde ba\u015f k\u0131sm\u0131nda sorunlar ya\u015fanmas\u0131na sebep olabilir. Sa\u00e7 ekimi i\u00e7in al\u0131nan k\u0131l ve k\u0131l k\u00f6kleri lokal anestezi y\u00f6ntemi ile al\u0131nmaktad\u0131r. Ayr\u0131ca ekimin yap\u0131laca\u011f\u0131 b\u00f6lgeler daha \u00f6nceden haz\u0131rland\u0131ktan sonra mikro motor yard\u0131m\u0131yla k\u0131l ve k\u0131l k\u00f6klerinin yerle\u015ftirmesiyle yap\u0131lmaktad\u0131r. Binlerce k\u0131l k\u00f6k\u00fc \u00fczerinde yap\u0131lan i\u015flemler zahmetli ve sab\u0131r gerektiren i\u015flemleri kapsamaktad\u0131r. Bu uygulamada uzmanla\u015fm\u0131\u015f doktorlar d\u0131\u015f\u0131nda kalanlar\u0131n yapmas\u0131 sa\u011fl\u0131kl\u0131 sonu\u00e7lara yol a\u00e7mamaktad\u0131r.\u00a0<strong>Wonder Hair Clinic<\/strong>\u00a0taraf\u0131ndan yap\u0131lan sa\u00e7 ekimi profesyonel ekipman ve ekip taraf\u0131ndan yap\u0131lmaktad\u0131r.<\/p><\/div>\n\t\t\t\t<\/div>\n\t\t\t\t\t\t\t<div class=\"elementor-accordion-item\">\n\t\t\t\t\t<h3 id=\"elementor-tab-title-93617\" class=\"elementor-tab-title\" data-tab=\"17\" role=\"button\" aria-controls=\"elementor-tab-content-93617\" aria-expanded=\"false\">\n\t\t\t\t\t\t\t\t\t\t\t\t\t<span class=\"elementor-accordion-icon elementor-accordion-icon-left\" aria-hidden=\"true\">\n\t\t\t\t\t\t\t\t\t\t\t\t\t\t\t<span class=\"elementor-accordion-icon-closed\"><i class=\"fas fa-plus\"><\/i><\/span>\n\t\t\t\t\t\t\t\t<span class=\"elementor-accordion-icon-opened\"><i class=\"fas fa-minus\"><\/i><\/span>\n\t\t\t\t\t\t\t\t\t\t\t\t\t\t<\/span>\n\t\t\t\t\t\t\t\t\t\t\t\t<a class=\"elementor-accordion-title\" tabindex=\"0\">Don\u00f6r B\u00f6lgeden Al\u0131nan Sa\u00e7lar Bu B\u00f6lgede Tekrar \u00c7\u0131kar M\u0131?<\/a>\n\t\t\t\t\t<\/h3>\n\t\t\t\t\t<div id=\"elementor-tab-content-93617\" class=\"elementor-tab-content elementor-clearfix\" data-tab=\"17\" role=\"region\" aria-labelledby=\"elementor-tab-title-93617\"><p><span>Don\u00f6r b\u00f6lgeden (ba\u015f\u0131n arka k\u0131sm\u0131ndan) al\u0131nan sa\u00e7lar bu b\u00f6lgede (veya \u00e7ok k\u00fc\u00e7\u00fck miktarlarda) K\u00dc\u00c7\u00dcLMEZ!\u00a0Her hastan\u0131n, birka\u00e7 sa\u00e7 ekimi seans\u0131nda al\u0131nabilecek ve ekilebilecek s\u0131n\u0131rl\u0131 bir sa\u00e7 teli vard\u0131r.\u00a0<\/span><a href=\"https:\/\/www.hairmedico.com\/dr-arslan-musbeh\/\" target=\"_blank\" rel=\"noopener\"><span>Bu<\/span><\/a><span>\u00a0nedenle\u00a0<a href=\"https:\/\/www.hairmedico.com\/dr-arslan-musbeh\/\" target=\"_blank\" rel=\"noopener\">doktor<\/a>\u00a0, gelecekte muhtemelen ba\u015fka seanslar planlamak i\u00e7in hastan\u0131n kelli\u011finin ilerlemesini analiz etmelidir.\u00a0\u00c7ok fazla greft alarak bu b\u00f6lgeye zarar vermemelidir.<\/span><\/p><\/div>\n\t\t\t\t<\/div>\n\t\t\t\t\t\t\t<div class=\"elementor-accordion-item\">\n\t\t\t\t\t<h3 id=\"elementor-tab-title-93618\" class=\"elementor-tab-title\" data-tab=\"18\" role=\"button\" aria-controls=\"elementor-tab-content-93618\" aria-expanded=\"false\">\n\t\t\t\t\t\t\t\t\t\t\t\t\t<span class=\"elementor-accordion-icon elementor-accordion-icon-left\" aria-hidden=\"true\">\n\t\t\t\t\t\t\t\t\t\t\t\t\t\t\t<span class=\"elementor-accordion-icon-closed\"><i class=\"fas fa-plus\"><\/i><\/span>\n\t\t\t\t\t\t\t\t<span class=\"elementor-accordion-icon-opened\"><i class=\"fas fa-minus\"><\/i><\/span>\n\t\t\t\t\t\t\t\t\t\t\t\t\t\t<\/span>\n\t\t\t\t\t\t\t\t\t\t\t\t<a class=\"elementor-accordion-title\" tabindex=\"0\">Sa\u00e7 Ekiminin Nihai Sonucunu Ne Kadar \u00c7abuk G\u00f6rebilirsiniz?<\/a>\n\t\t\t\t\t<\/h3>\n\t\t\t\t\t<div id=\"elementor-tab-content-93618\" class=\"elementor-tab-content elementor-clearfix\" data-tab=\"18\" role=\"region\" aria-labelledby=\"elementor-tab-title-93618\"><p><span>Ekilen sa\u00e7lar 1 ay sonra greftlerin yeni yerine ta\u015f\u0131nma \u015foku ile d\u00f6k\u00fclecektir.\u00a0<\/span><span>3. aydan itibaren yeni sa\u00e7lar\u0131n \u00e7\u0131kmas\u0131 ba\u015flar.\u00a0<\/span><span>FUE sa\u00e7 ekiminin sonucu 5. aydan itibaren g\u00f6r\u00fcl\u00fcr.\u00a0<\/span><span>Nihai sonu\u00e7 i\u00e7in 1 y\u0131l sonra olacakt\u0131r.<\/span><\/p><\/div>\n\t\t\t\t<\/div>\n\t\t\t\t\t\t\t<div class=\"elementor-accordion-item\">\n\t\t\t\t\t<h3 id=\"elementor-tab-title-93619\" class=\"elementor-tab-title\" data-tab=\"19\" role=\"button\" aria-controls=\"elementor-tab-content-93619\" aria-expanded=\"false\">\n\t\t\t\t\t\t\t\t\t\t\t\t\t<span class=\"elementor-accordion-icon elementor-accordion-icon-left\" aria-hidden=\"true\">\n\t\t\t\t\t\t\t\t\t\t\t\t\t\t\t<span class=\"elementor-accordion-icon-closed\"><i class=\"fas fa-plus\"><\/i><\/span>\n\t\t\t\t\t\t\t\t<span class=\"elementor-accordion-icon-opened\"><i class=\"fas fa-minus\"><\/i><\/span>\n\t\t\t\t\t\t\t\t\t\t\t\t\t\t<\/span>\n\t\t\t\t\t\t\t\t\t\t\t\t<a class=\"elementor-accordion-title\" tabindex=\"0\">Sa\u00e7 Ekimi I\u00e7in Tan\u0131mlanan Greft Say\u0131s\u0131 Hangi Kriterlere G\u00f6re Belirlenir?<\/a>\n\t\t\t\t\t<\/h3>\n\t\t\t\t\t<div id=\"elementor-tab-content-93619\" class=\"elementor-tab-content elementor-clearfix\" data-tab=\"19\" role=\"region\" aria-labelledby=\"elementor-tab-title-93619\"><p><span>Al\u0131nacak folik\u00fcl say\u0131s\u0131 hastan\u0131n ya\u015f\u0131, kellik durumunun olas\u0131 geli\u015fimi, don\u00f6r b\u00f6lgenin kapasitesinin s\u0131n\u0131rl\u0131 olup olmamas\u0131na g\u00f6re belirlenir.\u00a0<\/span><span>Yo\u011funlu\u011fu iyi olan bir sa\u00e7 ekiminin sonucu bu b\u00f6lgenin kapasitesine de ba\u011fl\u0131d\u0131r.<\/span><\/p><\/div>\n\t\t\t\t<\/div>\n\t\t\t\t\t\t\t<div class=\"elementor-accordion-item\">\n\t\t\t\t\t<h3 id=\"elementor-tab-title-93620\" class=\"elementor-tab-title\" data-tab=\"20\" role=\"button\" aria-controls=\"elementor-tab-content-93620\" aria-expanded=\"false\">\n\t\t\t\t\t\t\t\t\t\t\t\t\t<span class=\"elementor-accordion-icon elementor-accordion-icon-left\" aria-hidden=\"true\">\n\t\t\t\t\t\t\t\t\t\t\t\t\t\t\t<span class=\"elementor-accordion-icon-closed\"><i class=\"fas fa-plus\"><\/i><\/span>\n\t\t\t\t\t\t\t\t<span class=\"elementor-accordion-icon-opened\"><i class=\"fas fa-minus\"><\/i><\/span>\n\t\t\t\t\t\t\t\t\t\t\t\t\t\t<\/span>\n\t\t\t\t\t\t\t\t\t\t\t\t<a class=\"elementor-accordion-title\" tabindex=\"0\">Her G\u00fcn Daha Fazla Sa\u00e7 Kaybediyorum. Bir M\u00fcdahaleyi Ne Zaman D\u00fc\u015f\u00fcnmeliyim?<\/a>\n\t\t\t\t\t<\/h3>\n\t\t\t\t\t<div id=\"elementor-tab-content-93620\" class=\"elementor-tab-content elementor-clearfix\" data-tab=\"20\" role=\"region\" aria-labelledby=\"elementor-tab-title-93620\"><p><span>G\u00fcnde ortalama 80 sa\u00e7 telinin d\u00f6k\u00fclmesi normaldir.\u00a0<\/span><span>Stres, beslenme yetersizli\u011fi, mevsim de\u011fi\u015fikli\u011fi vb. nedenlerle her g\u00fcn d\u00f6k\u00fclen sa\u00e7 say\u0131s\u0131n\u0131 art\u0131rabilecek olaylar vard\u0131r. Kan tahlilleri ile nedeni belirlenmeli veya ailede kelli\u011fin kal\u0131tsal olup olmad\u0131\u011f\u0131na bak\u0131lmal\u0131d\u0131r.\u00a0<\/span><span>Doktor daha sonra sa\u00e7 d\u00f6k\u00fclmesinin ge\u00e7ici mi yoksa kal\u0131c\u0131 m\u0131 oldu\u011funu s\u00f6yleyebilir.<\/span><\/p><\/div>\n\t\t\t\t<\/div>\n\t\t\t\t\t\t\t<div class=\"elementor-accordion-item\">\n\t\t\t\t\t<h3 id=\"elementor-tab-title-93621\" class=\"elementor-tab-title\" data-tab=\"21\" role=\"button\" aria-controls=\"elementor-tab-content-93621\" aria-expanded=\"false\">\n\t\t\t\t\t\t\t\t\t\t\t\t\t<span class=\"elementor-accordion-icon elementor-accordion-icon-left\" aria-hidden=\"true\">\n\t\t\t\t\t\t\t\t\t\t\t\t\t\t\t<span class=\"elementor-accordion-icon-closed\"><i class=\"fas fa-plus\"><\/i><\/span>\n\t\t\t\t\t\t\t\t<span class=\"elementor-accordion-icon-opened\"><i class=\"fas fa-minus\"><\/i><\/span>\n\t\t\t\t\t\t\t\t\t\t\t\t\t\t<\/span>\n\t\t\t\t\t\t\t\t\t\t\t\t<a class=\"elementor-accordion-title\" tabindex=\"0\">Sa\u00e7 Ekiminden Sonra Hala Iz G\u00f6r\u00fcn\u00fcr M\u00fc?<\/a>\n\t\t\t\t\t<\/h3>\n\t\t\t\t\t<div id=\"elementor-tab-content-93621\" class=\"elementor-tab-content elementor-clearfix\" data-tab=\"21\" role=\"region\" aria-labelledby=\"elementor-tab-title-93621\"><p><span>Cerrah do\u011fru greft da\u011f\u0131t\u0131m tekni\u011fini uygularsa ve sa\u00e7\u0131n kalitesine ba\u011fl\u0131 olarak do\u011fru malzemeyi kullan\u0131rsa, iyi yap\u0131lm\u0131\u015f bir sa\u00e7 ekimi tespit edilemez.\u00a0<\/span><span>FUE sa\u00e7 ekimi, sonu\u00e7ta g\u00f6r\u00fcn\u00fcr bir iz b\u0131rakmaz.\u00a0<\/span><span>Ancak ekimden sonra yakla\u015f\u0131k on g\u00fcn boyunca kabuklanma ve k\u0131zar\u0131kl\u0131k g\u00f6r\u00fclecektir.<\/span><\/p><\/div>\n\t\t\t\t<\/div>\n\t\t\t\t\t\t\t<div class=\"elementor-accordion-item\">\n\t\t\t\t\t<h3 id=\"elementor-tab-title-93622\" class=\"elementor-tab-title\" data-tab=\"22\" role=\"button\" aria-controls=\"elementor-tab-content-93622\" aria-expanded=\"false\">\n\t\t\t\t\t\t\t\t\t\t\t\t\t<span class=\"elementor-accordion-icon elementor-accordion-icon-left\" aria-hidden=\"true\">\n\t\t\t\t\t\t\t\t\t\t\t\t\t\t\t<span class=\"elementor-accordion-icon-closed\"><i class=\"fas fa-plus\"><\/i><\/span>\n\t\t\t\t\t\t\t\t<span class=\"elementor-accordion-icon-opened\"><i class=\"fas fa-minus\"><\/i><\/span>\n\t\t\t\t\t\t\t\t\t\t\t\t\t\t<\/span>\n\t\t\t\t\t\t\t\t\t\t\t\t<a class=\"elementor-accordion-title\" tabindex=\"0\">FUE Sa\u00e7 Ekimi Operasyonu Ne Kadar S\u00fcrer?<\/a>\n\t\t\t\t\t<\/h3>\n\t\t\t\t\t<div id=\"elementor-tab-content-93622\" class=\"elementor-tab-content elementor-clearfix\" data-tab=\"22\" role=\"region\" aria-labelledby=\"elementor-tab-title-93622\"><p><span>Fue sa\u00e7 ekimi i\u015fleminin s\u00fcresi her hastan\u0131n kellik b\u00f6lgesine, al\u0131nan ve yeniden ekilen greft say\u0131s\u0131na g\u00f6re de\u011fi\u015fiklik g\u00f6sterir.\u00a0<\/span><span>Ortalama olarak, sabah 6 ile ak\u015fam 8 aras\u0131nda s\u00fcrer.<\/span><\/p><\/div>\n\t\t\t\t<\/div>\n\t\t\t\t\t\t\t\t\t\t<script type=\"application\/ld+json\">{\"@context\":\"https:\\\/\\\/schema.org\",\"@type\":\"FAQPage\",\"mainEntity\":[{\"@type\":\"Question\",\"name\":\"Sa\\u00e7 Ekimi Sonras\\u0131 S\\u00fcre\\u00e7 Nas\\u0131ld\\u0131r?\",\"acceptedAnswer\":{\"@type\":\"Answer\",\"text\":\"<p>Sa\\u00e7 ekimi i\\u015flemi tamamland\\u0131ktan sonra kullan\\u0131lan teknik olan fue tekni\\u011finin sa\\u011flad\\u0131\\u011f\\u0131 ba\\u015far\\u0131l\\u0131 \\u00e7al\\u0131\\u015fma sayesinde m\\u00fc\\u015fterimiz \\u00e7ok fazla a\\u011fr\\u0131 \\u00e7ekmeden atlatt\\u0131\\u011f\\u0131 sa\\u00e7 ekimi seans\\u0131n\\u0131n mutlulu\\u011funu ya\\u015famaya ba\\u015flamaktad\\u0131r. \\u0130\\u015flem s\\u0131ras\\u0131nda a\\u011fr\\u0131 olmamas\\u0131 i\\u00e7in yap\\u0131lan lokal anestezinin etkisi ge\\u00e7inceye kadar ekim i\\u015flemi nedeniyle ya\\u015fayabilece\\u011finiz t\\u00fcm a\\u011fr\\u0131 ve s\\u0131z\\u0131lar\\u0131n\\u0131z da neredeyse tamamen yok olacakt\\u0131r. Anestezinin etkisi ge\\u00e7ti\\u011finde sanki hi\\u00e7bir i\\u015flem yap\\u0131lmam\\u0131\\u015f gibi kendinizi rahat ve a\\u011fr\\u0131s\\u0131z hissedeceksiniz. Ekim s\\u0131ras\\u0131nda sa\\u00e7 deliklerinin a\\u00e7\\u0131lmas\\u0131 i\\u00e7in deri alt\\u0131na enjekte edilen s\\u0131v\\u0131n\\u0131n deriden at\\u0131lmas\\u0131 s\\u00fcreci tahminen 15 g\\u00fcn\\u00fc bulabilmektedir. Bu s\\u00fcre\\u00e7te enjekte edilen s\\u0131v\\u0131 dolay\\u0131s\\u0131yla herhangi bir a\\u011fr\\u0131 veya s\\u0131z\\u0131 ya\\u015famayacak olsan\\u0131z da olu\\u015fturdu\\u011fu \\u015fi\\u015flikten dolay\\u0131 kafan\\u0131z\\u0131n derisini \\u015fi\\u015fkin hissedebilirsiniz. Ancak 15 g\\u00fcnl\\u00fck s\\u00fcre sonunda bu s\\u0131v\\u0131 derinizden y\\u00fczde y\\u00fcze yak\\u0131n at\\u0131lm\\u0131\\u015f olacakt\\u0131r.<\\\/p>\"}},{\"@type\":\"Question\",\"name\":\"Sa\\u00e7 Ekimi Sonras\\u0131nda Pansuman Gerekecek Mi?\",\"acceptedAnswer\":{\"@type\":\"Answer\",\"text\":\"<p>Sonras\\u0131 \\u00f6zellikle don\\u00f6r alan kapat\\u0131lmakta, al\\u0131c\\u0131 alan a\\u00e7\\u0131k b\\u0131rak\\u0131lmaktad\\u0131r. Bu pansuman ortalama 2-3 g\\u00fcn sonra sa\\u00e7lar y\\u0131kan\\u0131rken \\u00e7\\u0131kart\\u0131lmaktad\\u0131r.<\\\/p>\"}},{\"@type\":\"Question\",\"name\":\"Sa\\u00e7 Ekim Uygulamas\\u0131ndan Sonra Hastanede Kalmak Gerekir Mi?\",\"acceptedAnswer\":{\"@type\":\"Answer\",\"text\":\"<p>\\u0130\\u015flem sonras\\u0131 hastanede kalmaya gerek yoktur, hasta i\\u015flemden hemen sonra evine gidebilir.<\\\/p>\"}},{\"@type\":\"Question\",\"name\":\"Sa\\u00e7 Ekimi \\u0130\\u015flemi Ne Kadar S\\u00fcrer?\",\"acceptedAnswer\":{\"@type\":\"Answer\",\"text\":\"<p>Normal \\u015fartlarda ortalama 6 ile 8 saat aras\\u0131 s\\u00fcrmektedir.<\\\/p>\"}},{\"@type\":\"Question\",\"name\":\"Sa\\u00e7 Ekiminden Sonra K\\u0131zar\\u0131kl\\u0131k Olur Mu?\",\"acceptedAnswer\":{\"@type\":\"Answer\",\"text\":\"<p>Yara iyile\\u015fmesi s\\u00fcrecinde bir k\\u0131zar\\u0131kl\\u0131k olabilir. Hassas olmayan ciltlerde bu k\\u0131zar\\u0131kl\\u0131\\u011f\\u0131n 10 g\\u00fcn i\\u00e7erisinde ge\\u00e7mesi beklenmektedir. Fakat hassa ciltlerde bu k\\u0131zar\\u0131kl\\u0131k daha uzun s\\u00fcrebilir.<\\\/p>\"}},{\"@type\":\"Question\",\"name\":\"Ekilen Sa\\u00e7lar Sonradan D\\u00f6k\\u00fcl\\u00fcr M\\u00fc?\",\"acceptedAnswer\":{\"@type\":\"Answer\",\"text\":\"<p>Operasyondan ortalama 3-4 hafta sonra kesik \\u015feklinde d\\u00f6k\\u00fcl\\u00fcr. Bu olaya \\u015fok d\\u00f6k\\u00fclme denilir. Asl\\u0131nda \\u00fcreten folik\\u00fcller ekilmektedir. Sa\\u00e7lar d\\u00fc\\u015ferken bu folik\\u00fcller deri alt\\u0131nda kal\\u0131r ve sa\\u00e7lar\\u0131 \\u00fcretmeye ba\\u015flarlar. Ortalama 3 ay sonra \\u00e7\\u0131kmaya ba\\u015flarlar. Hepsi ayn\\u0131 anda \\u00e7\\u0131kmamaktad\\u0131r. \\u00c7\\u0131k\\u0131\\u015f\\u0131 yo\\u011funlu\\u011fu artt\\u0131racak \\u015fekilde ortalama 5 ay boyunca devam eder ve sekizinci aya kadar devam eder. B\\u00f6lgelerde asimetri, bir b\\u00f6lgenin daha \\u00f6nce yo\\u011funla\\u015fmas\\u0131, ba\\u015fka b\\u00f6lgelerin daha seyrek g\\u00f6r\\u00fclmesi gibi durumlar g\\u00f6r\\u00fclebilir. Dolay\\u0131s\\u0131 ile bu d\\u00f6nemde sonucunu de\\u011ferlendirmek do\\u011fru olmayacakt\\u0131r. \\u00c7\\u0131k\\u0131\\u015flar\\u0131n de\\u011ferlendirilmesi i\\u00e7in ortalama 8 ay beklenmelidir. Sekizinci ay birinci y\\u0131l aras\\u0131nda skar da yumu\\u015fama ve bu yumu\\u015famaya ba\\u011fl\\u0131 sa\\u00e7l\\u0131 tellerin redistrib\\u00fcsyonu ve ayr\\u0131ca kal\\u0131nla\\u015fma g\\u00f6r\\u00fcl\\u00fcr. Sekizinci ay ile birinci y\\u0131l kar\\u015f\\u0131la\\u015ft\\u0131r\\u0131ld\\u0131\\u011f\\u0131nda birinci y\\u0131l g\\u00f6r\\u00fcnt\\u00fcs\\u00fcn\\u00fcn daha do\\u011fala yak\\u0131n oldu\\u011fu fark edilir. Do\\u011fal g\\u00f6r\\u00fcn\\u00fcm\\u00fc de\\u011ferlendirilmesi i\\u00e7inde ortalama bir y\\u0131l beklenebilir. DHT hormonu taraf\\u0131ndan etkilenmediklerinden erkek tipi kellikteki gibi bir d\\u00f6k\\u00fclme g\\u00f6r\\u00fclmemektedir.<\\\/p>\"}},{\"@type\":\"Question\",\"name\":\"Sa\\u00e7lar\\u0131mdaki Kabuklar D\\u00fc\\u015ft\\u00fckten Sonra Nelere Dikkat Etmek Gerekir?\",\"acceptedAnswer\":{\"@type\":\"Answer\",\"text\":\"<p>Ortalama bir bu\\u00e7uk ay hamam, havuz, sauna, deniz, a\\u011f\\u0131r sporlar \\u00f6nerilmemektedir. Sigara ve alkol azalt\\u0131labilir. Hasta daha \\u00f6nce kulland\\u0131\\u011f\\u0131 \\u015fampuanlar\\u0131n\\u0131 kullanabilir.<\\\/p>\"}},{\"@type\":\"Question\",\"name\":\"Sa\\u00e7 Ekimi Operasyon Sonras\\u0131nda Nelere Dikkat Edilmelidir?\",\"acceptedAnswer\":{\"@type\":\"Answer\",\"text\":\"<p>\\u00d6zellikle i\\u015flem yap\\u0131lan b\\u00f6lge her t\\u00fcrl\\u00fc travmadan korunmal\\u0131d\\u0131r. Olu\\u015fabilecek \\u00f6demin \\u00f6nlenmesi hastan\\u0131n s\\u0131rt \\u00fcst\\u00fc uzanmas\\u0131 ile engellenebilir. Operasyona ba\\u011fl\\u0131 \\u00f6dem nedeni ile sa\\u00e7lar\\u0131n \\u00e7izgisi hastay\\u0131 yan\\u0131ltacak \\u015fekilde asimetrik ya da \\u00e7ok geride g\\u00f6r\\u00fclebilir. Bu t\\u00fcr de\\u011ferlendirmelerin yap\\u0131labilmesi asl\\u0131nda ancak 8 ay sonra m\\u00fcmk\\u00fcn olacakt\\u0131r. Eve giderken hastan\\u0131n ara\\u00e7 kullanmas\\u0131 \\u00f6nerilmemektedir. Evde doktorlar\\u0131 taraf\\u0131ndan re\\u00e7ete edilen ila\\u00e7lar\\u0131n\\u0131 kullanmaya ba\\u015flayabilir. Operasyon sonras\\u0131 hafif yemekler yenmesi \\u00f6nerilmektedir. Yine operasyon sonras\\u0131 ortalama 10 g\\u00fcn sigara ve alkol, kullan\\u0131m\\u0131 \\u00f6nerilmemektedir.<\\\/p>\"}},{\"@type\":\"Question\",\"name\":\"Sa\\u00e7 Ekimini Kimler Yapt\\u0131rabilir?\",\"acceptedAnswer\":{\"@type\":\"Answer\",\"text\":\"<p>Don\\u00f6r alan yeterli oldu\\u011fu s\\u00fcrece sa\\u00e7\\u0131 d\\u00f6k\\u00fclm\\u00fc\\u015f her insan yapt\\u0131rabilir. Don\\u00f6r alanda d\\u00fcz \\u00e7izgi \\u015feklinde bir skar istemeyen, bir seansta fazla greft ekilmesini arzulayan, don\\u00f6r alan sa\\u00e7lar\\u0131n\\u0131 k\\u0131sa kullanmak isteyen hastalar i\\u00e7in fue y\\u00f6ntemi \\u00f6nerilebilir. Daha \\u00f6nce fut ya da fue yapt\\u0131rm\\u0131\\u015f adaylar i\\u00e7in de yine fue tekni\\u011fi \\u00f6nerilir. Sa\\u00e7\\u0131n \\u00e7izgi b\\u00f6lgesinde ya da ta\\u00e7 b\\u00f6lgesinde k\\u00fc\\u00e7\\u00fck a\\u00e7\\u0131lmalar\\u0131 olan, ilerde d\\u00f6k\\u00fclme riski, dolay\\u0131s\\u0131 ile ikinci ve ya \\u00fc\\u00e7\\u00fcnc\\u00fc bir operasyon ihtiyac\\u0131 olabilecek olan hastalar i\\u00e7in fue \\u00e7ok uygun bir y\\u00f6ntemdir.<\\\/p>\"}},{\"@type\":\"Question\",\"name\":\"Sa\\u00e7lar\\u0131 Kestirmeden Sa\\u00e7 Ekimi Yap\\u0131labilir Mi?\",\"acceptedAnswer\":{\"@type\":\"Answer\",\"text\":\"<p>Genellikle hem al\\u0131c\\u0131 alan hem de verici alandaki sa\\u00e7lar k\\u0131salt\\u0131lmakta. \\u00d6zellikle don\\u00f6r alan fue y\\u00f6nteminde k\\u0131salt\\u0131lmaktad\\u0131r.<\\\/p>\"}},{\"@type\":\"Question\",\"name\":\"Kimler Sa\\u00e7 Ekimi Yapt\\u0131rmamal\\u0131d\\u0131r?\",\"acceptedAnswer\":{\"@type\":\"Answer\",\"text\":\"<p>Lokal anestezi alt\\u0131nda yap\\u0131lacak bir operasyonda kontraendikasyon olu\\u015fturacak herhangi bir sistemik hastal\\u0131k varsa bu hastal\\u0131k tedavi edildikten sonra yap\\u0131lmal\\u0131d\\u0131r. Beklentileri ger\\u00e7ek\\u00e7i olmayan, don\\u00f6r alan\\u0131 yetersiz hastalara \\u00f6nerilmemektedir. Yine aktif deri hastal\\u0131\\u011f\\u0131 olan hastalarda aktif hastal\\u0131k tedavisinden sonra yap\\u0131lmal\\u0131d\\u0131r. \\u0130\\u015flem \\u00f6ncesi B12, B6, \\u00e7inko d\\u00fczeyleri normal olmal\\u0131 varsa tiroid rahats\\u0131zl\\u0131\\u011f\\u0131 tedavi edilmelidir. \\u015eeker hastalar\\u0131nda kan \\u015feker seviyeleri normal d\\u00fczeylerde olmal\\u0131d\\u0131r. Hastalarda trikotillomani, obsesif-komp\\u00fclsif rahats\\u0131zl\\u0131k, depresyon ve v\\u00fccut dismorfik sendrom gibi psikolojik rahats\\u0131zl\\u0131klar\\u0131n varl\\u0131\\u011f\\u0131 yine de ara\\u015ft\\u0131r\\u0131lmal\\u0131d\\u0131r.<\\\/p>\"}},{\"@type\":\"Question\",\"name\":\"Sa\\u00e7 Ekimi Yapan Ki\\u015filer Hangi Bak\\u0131m\\u0131 Yapmal\\u0131d\\u0131r?\",\"acceptedAnswer\":{\"@type\":\"Answer\",\"text\":\"<p>Ki\\u015filerin kafatas\\u0131 derileri ve sa\\u00e7 \\u00f6zellikleri birbirlerinden farkl\\u0131l\\u0131k g\\u00f6stermektedir. Bu y\\u00fczden sa\\u00e7 ekimi sonras\\u0131 al\\u0131nan hizmetler sonras\\u0131 ki\\u015finin sa\\u00e7lar\\u0131na yapaca\\u011f\\u0131 bak\\u0131m uzman doktor taraf\\u0131ndan aktar\\u0131ld\\u0131\\u011f\\u0131nda, eksiksiz olarak uygulanmal\\u0131d\\u0131r. Aksi taktirde sa\\u00e7lar\\u0131n tekrardan d\\u00f6k\\u00fclmesi yada sa\\u00e7 ekimi ameliyat\\u0131n\\u0131n ba\\u015far\\u0131s\\u0131 g\\u00f6lgeye d\\u00fc\\u015febilir. Genel anlamda sa\\u00e7 ekimi sonras\\u0131 yap\\u0131lan bak\\u0131mlar incelendi\\u011finde, ki\\u015filerin sa\\u00e7 ekimi sonras\\u0131 belirli bir s\\u00fcre sa\\u00e7lar\\u0131n\\u0131 y\\u0131kama i\\u015flemini yapmamal\\u0131d\\u0131r. Ayr\\u0131ca belirli bir s\\u00fcre \\u015fapka tak\\u0131lmamas\\u0131 gerekmektedir. Bu yap\\u0131lanlardan kaynakl\\u0131 sa\\u00e7lar\\u0131n kirlenme olas\\u0131l\\u0131\\u011f\\u0131 bulundu\\u011fu i\\u00e7in, hava kirlili\\u011fi olan yerlerden uzak durulmal\\u0131 a\\u011f\\u0131r i\\u015fler yap\\u0131lmamal\\u0131d\\u0131r. Sinir, stres, kayg\\u0131 gibi insan\\u0131 yoran hislerden uzak durmaya \\u00e7al\\u0131\\u015f\\u0131lmal\\u0131d\\u0131r. En \\u00f6nemlisi de sigara kullanan ki\\u015filerin uzun bir s\\u00fcre sigara kullanmamas\\u0131 gerekmektedir.<\\\/p>\"}},{\"@type\":\"Question\",\"name\":\"Sa\\u00e7 Ekimi Sonras\\u0131 Ne Kadar S\\u00fcrede Sa\\u00e7 \\u00c7\\u0131kmaya Ba\\u015flar?\",\"acceptedAnswer\":{\"@type\":\"Answer\",\"text\":\"<p>Sa\\u00e7 ekimi yapt\\u0131ran ki\\u015filer, genel manada sa\\u00e7lar\\u0131n\\u0131n hemen \\u00e7\\u0131kaca\\u011f\\u0131n\\u0131 d\\u00fc\\u015f\\u00fcnmektedir. Ancak sa\\u00e7 \\u00e7\\u0131kma i\\u015flemi sab\\u0131r ve emek isteyen i\\u015flemlerdir. Sa\\u00e7 ekimi ameliyat\\u0131 sonras\\u0131 sa\\u00e7 k\\u0131l k\\u00f6k\\u00fc say\\u0131s\\u0131 kafada artt\\u0131\\u011f\\u0131 g\\u00f6zlemlenmektedir. Bu sa\\u00e7lar\\u0131n al\\u0131nan besinlerle olgunla\\u015fmas\\u0131 ve g\\u00fc\\u00e7lenmesi zaman almaktad\\u0131r. Ayr\\u0131ca sa\\u00e7 k\\u0131l\\u0131 k\\u00f6klerinin a\\u00e7\\u0131kta durdu\\u011fu i\\u00e7in alaca\\u011f\\u0131 zarar sa\\u00e7 \\u00e7\\u0131kma i\\u015flemini yava\\u015flatmaktad\\u0131r. Uzun s\\u00fcre sa\\u00e7lar\\u0131n korunmas\\u0131 ve bak\\u0131m\\u0131n\\u0131n d\\u00fczenli olarak yap\\u0131lamas\\u0131 bir ka\\u00e7 ay sonra g\\u00f6zlemlenebilir bir \\u015fekilde sa\\u00e7lar\\u0131n uzad\\u0131\\u011f\\u0131n\\u0131 g\\u00f6sterecektir. Sa\\u00e7 ekimi sonras\\u0131 Vedat Tosun taraf\\u0131ndan \\u00f6nerilenlerin yap\\u0131lmas\\u0131 sa\\u00e7 \\u00e7\\u0131kmas\\u0131n\\u0131 kolayla\\u015ft\\u0131rmaktad\\u0131r. Gerekli kontrollerin yap\\u0131lmas\\u0131n\\u0131n ard\\u0131ndan, sa\\u00e7 i\\u00e7in \\u00f6nerilen \\u015fampuan\\u0131n kullan\\u0131lmas\\u0131 da bu i\\u015flemler kapsam\\u0131nda gerekli g\\u00f6r\\u00fclmektedir. Do\\u011fru \\u015fampuan ve uygulamalarla temiz tutulan sa\\u00e7 k\\u00f6klerinde sa\\u00e7 uzamas\\u0131 sa\\u011fl\\u0131kl\\u0131 bir \\u015fekilde ger\\u00e7ekle\\u015fmektedir.<\\\/p>\"}},{\"@type\":\"Question\",\"name\":\"Sa\\u00e7 Ekimi Hangi Hizmetleri Kapsamaktad\\u0131r?\",\"acceptedAnswer\":{\"@type\":\"Answer\",\"text\":\"<p>Sa\\u00e7 ekimi hizmetlerinden yararlanacak ki\\u015filer www.wonderhairclinic.com \\u00fczerinden randevu alabilir ve sa\\u00e7 k\\u00f6klerinde muayene yap\\u0131lmas\\u0131n\\u0131 sa\\u011flayabilir. \\u00dccretsiz muayene sa\\u00e7 ekimi hizmetleri kapsam\\u0131nda verilmektedir. Ayr\\u0131ca sa\\u00e7 ekimi i\\u00e7in kulak ve ense gibi b\\u00f6l\\u00fcmlerden al\\u0131nan k\\u0131l ve k\\u0131l k\\u00f6kleri i\\u00e7in yap\\u0131lan lokal anestezi a\\u011fr\\u0131s\\u0131z yap\\u0131lmaktad\\u0131r. Sa\\u00e7 ekimi ameliyat\\u0131n\\u0131n yap\\u0131laca\\u011f\\u0131 hastanenin tam donan\\u0131ml\\u0131 olmas\\u0131 da iyile\\u015fme s\\u00fcresinde sa\\u00e7lar\\u0131n \\u00e7\\u0131kma a\\u015famas\\u0131 i\\u00e7in \\u00f6nemlidir. En \\u00f6nemlisi verilen hizmetler profesyonel bir ekiple, geli\\u015fmi\\u015f teknolojik aletlerle sunulmaktad\\u0131r. 20 y\\u0131l\\u0131 a\\u015fk\\u0131n tecr\\u00fcbe sa\\u00e7 ekimi hizmetlerinin kalitesini ortaya koymaktad\\u0131r. Bu sayede \\u00fclkemizden ve D\\u00fcnya\\u2019dan sa\\u00e7 ektirmek i\\u00e7in gelen ki\\u015filer bu sayede profesyonel olarak sa\\u00e7 d\\u00f6k\\u00fclme problemini gidermi\\u015f olurlar. Ayr\\u0131ca yap\\u0131lan sa\\u00e7 ekimi operasyonlar\\u0131n\\u0131n garantisi de hastane taraf\\u0131ndan verilmektedir. Bu sorunsuz ve kaliteli verilen hizmetin g\\u00fcvencesi olmaktad\\u0131r.<\\\/p>\"}},{\"@type\":\"Question\",\"name\":\"Sa\\u00e7 Ekimi S\\u0131ras\\u0131nda Hangi Teknikler Kullan\\u0131lmaktad\\u0131r?\",\"acceptedAnswer\":{\"@type\":\"Answer\",\"text\":\"<p>Sa\\u00e7 ekimi s\\u0131ras\\u0131nda ekimin yap\\u0131laca\\u011f\\u0131 ki\\u015fiye en uygun teknik, muayene s\\u0131ras\\u0131nda belirlenmektedir. Kullan\\u0131lan teknikler aras\\u0131nda ki\\u015filer i\\u00e7in en iyi y\\u00f6ntemler lokal anestezi ile yap\\u0131lan i\\u015flemlerdir. Lokal anestezi ameliyat s\\u0131ras\\u0131nda ve sonras\\u0131nda a\\u011fr\\u0131 hissinin olu\\u015fumunu engellemektedir. Lokal anestezi sonras\\u0131 sa\\u00e7 ekimi mikro motor yard\\u0131m\\u0131yla yap\\u0131lmaktad\\u0131r. Sa\\u00e7 ekimi s\\u0131ras\\u0131nda kullan\\u0131lan mikro motorlar, \\u00e7e\\u015fitlilik g\\u00f6stermektedir.<\\\/p>\"}},{\"@type\":\"Question\",\"name\":\"Sa\\u00e7 Ekimi Nas\\u0131l Yap\\u0131lmaktad\\u0131r?\",\"acceptedAnswer\":{\"@type\":\"Answer\",\"text\":\"<p>Basit\\u00e7e, kulak ve ense \\u00fcst\\u00fc k\\u0131llar\\u0131n al\\u0131narak, sa\\u00e7\\u0131n olmad\\u0131\\u011f\\u0131 kafa b\\u00f6lgelerine eklenmesi i\\u015flemi ile yap\\u0131lan ameliyatlard\\u0131r. Bu ameliyatlar profesyonel olarak yap\\u0131lmal\\u0131d\\u0131r. Aksi taktirde ba\\u015f k\\u0131sm\\u0131nda sorunlar ya\\u015fanmas\\u0131na sebep olabilir. Sa\\u00e7 ekimi i\\u00e7in al\\u0131nan k\\u0131l ve k\\u0131l k\\u00f6kleri lokal anestezi y\\u00f6ntemi ile al\\u0131nmaktad\\u0131r. Ayr\\u0131ca ekimin yap\\u0131laca\\u011f\\u0131 b\\u00f6lgeler daha \\u00f6nceden haz\\u0131rland\\u0131ktan sonra mikro motor yard\\u0131m\\u0131yla k\\u0131l ve k\\u0131l k\\u00f6klerinin yerle\\u015ftirmesiyle yap\\u0131lmaktad\\u0131r. Binlerce k\\u0131l k\\u00f6k\\u00fc \\u00fczerinde yap\\u0131lan i\\u015flemler zahmetli ve sab\\u0131r gerektiren i\\u015flemleri kapsamaktad\\u0131r. Bu uygulamada uzmanla\\u015fm\\u0131\\u015f doktorlar d\\u0131\\u015f\\u0131nda kalanlar\\u0131n yapmas\\u0131 sa\\u011fl\\u0131kl\\u0131 sonu\\u00e7lara yol a\\u00e7mamaktad\\u0131r.\\u00a0<strong>Wonder Hair Clinic<\\\/strong>\\u00a0taraf\\u0131ndan yap\\u0131lan sa\\u00e7 ekimi profesyonel ekipman ve ekip taraf\\u0131ndan yap\\u0131lmaktad\\u0131r.<\\\/p>\"}},{\"@type\":\"Question\",\"name\":\"Don\\u00f6r B\\u00f6lgeden Al\\u0131nan Sa\\u00e7lar Bu B\\u00f6lgede Tekrar \\u00c7\\u0131kar M\\u0131?\",\"acceptedAnswer\":{\"@type\":\"Answer\",\"text\":\"<p><span>Don\\u00f6r b\\u00f6lgeden (ba\\u015f\\u0131n arka k\\u0131sm\\u0131ndan) al\\u0131nan sa\\u00e7lar bu b\\u00f6lgede (veya \\u00e7ok k\\u00fc\\u00e7\\u00fck miktarlarda) K\\u00dc\\u00c7\\u00dcLMEZ!\\u00a0Her hastan\\u0131n, birka\\u00e7 sa\\u00e7 ekimi seans\\u0131nda al\\u0131nabilecek ve ekilebilecek s\\u0131n\\u0131rl\\u0131 bir sa\\u00e7 teli vard\\u0131r.\\u00a0<\\\/span><a href=\\\"https:\\\/\\\/www.hairmedico.com\\\/dr-arslan-musbeh\\\/\\\"><span>Bu<\\\/span><\\\/a><span>\\u00a0nedenle\\u00a0<a href=\\\"https:\\\/\\\/www.hairmedico.com\\\/dr-arslan-musbeh\\\/\\\">doktor<\\\/a>\\u00a0, gelecekte muhtemelen ba\\u015fka seanslar planlamak i\\u00e7in hastan\\u0131n kelli\\u011finin ilerlemesini analiz etmelidir.\\u00a0\\u00c7ok fazla greft alarak bu b\\u00f6lgeye zarar vermemelidir.<\\\/span><\\\/p>\"}},{\"@type\":\"Question\",\"name\":\"Sa\\u00e7 Ekiminin Nihai Sonucunu Ne Kadar \\u00c7abuk G\\u00f6rebilirsiniz?\",\"acceptedAnswer\":{\"@type\":\"Answer\",\"text\":\"<p><span>Ekilen sa\\u00e7lar 1 ay sonra greftlerin yeni yerine ta\\u015f\\u0131nma \\u015foku ile d\\u00f6k\\u00fclecektir.\\u00a0<\\\/span><span>3. aydan itibaren yeni sa\\u00e7lar\\u0131n \\u00e7\\u0131kmas\\u0131 ba\\u015flar.\\u00a0<\\\/span><span>FUE sa\\u00e7 ekiminin sonucu 5. aydan itibaren g\\u00f6r\\u00fcl\\u00fcr.\\u00a0<\\\/span><span>Nihai sonu\\u00e7 i\\u00e7in 1 y\\u0131l sonra olacakt\\u0131r.<\\\/span><\\\/p>\"}},{\"@type\":\"Question\",\"name\":\"Sa\\u00e7 Ekimi I\\u00e7in Tan\\u0131mlanan Greft Say\\u0131s\\u0131 Hangi Kriterlere G\\u00f6re Belirlenir?\",\"acceptedAnswer\":{\"@type\":\"Answer\",\"text\":\"<p><span>Al\\u0131nacak folik\\u00fcl say\\u0131s\\u0131 hastan\\u0131n ya\\u015f\\u0131, kellik durumunun olas\\u0131 geli\\u015fimi, don\\u00f6r b\\u00f6lgenin kapasitesinin s\\u0131n\\u0131rl\\u0131 olup olmamas\\u0131na g\\u00f6re belirlenir.\\u00a0<\\\/span><span>Yo\\u011funlu\\u011fu iyi olan bir sa\\u00e7 ekiminin sonucu bu b\\u00f6lgenin kapasitesine de ba\\u011fl\\u0131d\\u0131r.<\\\/span><\\\/p>\"}},{\"@type\":\"Question\",\"name\":\"Her G\\u00fcn Daha Fazla Sa\\u00e7 Kaybediyorum. Bir M\\u00fcdahaleyi Ne Zaman D\\u00fc\\u015f\\u00fcnmeliyim?\",\"acceptedAnswer\":{\"@type\":\"Answer\",\"text\":\"<p><span>G\\u00fcnde ortalama 80 sa\\u00e7 telinin d\\u00f6k\\u00fclmesi normaldir.\\u00a0<\\\/span><span>Stres, beslenme yetersizli\\u011fi, mevsim de\\u011fi\\u015fikli\\u011fi vb. nedenlerle her g\\u00fcn d\\u00f6k\\u00fclen sa\\u00e7 say\\u0131s\\u0131n\\u0131 art\\u0131rabilecek olaylar vard\\u0131r. Kan tahlilleri ile nedeni belirlenmeli veya ailede kelli\\u011fin kal\\u0131tsal olup olmad\\u0131\\u011f\\u0131na bak\\u0131lmal\\u0131d\\u0131r.\\u00a0<\\\/span><span>Doktor daha sonra sa\\u00e7 d\\u00f6k\\u00fclmesinin ge\\u00e7ici mi yoksa kal\\u0131c\\u0131 m\\u0131 oldu\\u011funu s\\u00f6yleyebilir.<\\\/span><\\\/p>\"}},{\"@type\":\"Question\",\"name\":\"Sa\\u00e7 Ekiminden Sonra Hala Iz G\\u00f6r\\u00fcn\\u00fcr M\\u00fc?\",\"acceptedAnswer\":{\"@type\":\"Answer\",\"text\":\"<p><span>Cerrah do\\u011fru greft da\\u011f\\u0131t\\u0131m tekni\\u011fini uygularsa ve sa\\u00e7\\u0131n kalitesine ba\\u011fl\\u0131 olarak do\\u011fru malzemeyi kullan\\u0131rsa, iyi yap\\u0131lm\\u0131\\u015f bir sa\\u00e7 ekimi tespit edilemez.\\u00a0<\\\/span><span>FUE sa\\u00e7 ekimi, sonu\\u00e7ta g\\u00f6r\\u00fcn\\u00fcr bir iz b\\u0131rakmaz.\\u00a0<\\\/span><span>Ancak ekimden sonra yakla\\u015f\\u0131k on g\\u00fcn boyunca kabuklanma ve k\\u0131zar\\u0131kl\\u0131k g\\u00f6r\\u00fclecektir.<\\\/span><\\\/p>\"}},{\"@type\":\"Question\",\"name\":\"FUE Sa\\u00e7 Ekimi Operasyonu Ne Kadar S\\u00fcrer?\",\"acceptedAnswer\":{\"@type\":\"Answer\",\"text\":\"<p><span>Fue sa\\u00e7 ekimi i\\u015fleminin s\\u00fcresi her hastan\\u0131n kellik b\\u00f6lgesine, al\\u0131nan ve yeniden ekilen greft say\\u0131s\\u0131na g\\u00f6re de\\u011fi\\u015fiklik g\\u00f6sterir.\\u00a0<\\\/span><span>Ortalama olarak, sabah 6 ile ak\\u015fam 8 aras\\u0131nda s\\u00fcrer.<\\\/span><\\\/p>\"}}]}<\/script>\n\t\t\t\t\t<\/div>\n\t\t\t\t<\/div>\n\t\t\t\t<\/div>\n\t\t\t\t\t<\/div>\n\t\t\t\t<\/div>\n\t\t\t\t<\/div>\n\t\t","protected":false},"excerpt":{"rendered":"<p>S\u0131k\u00e7a Sorulan Sorular Sa\u00e7 Ekimi Sonras\u0131 S\u00fcre\u00e7 Nas\u0131ld\u0131r? Sa\u00e7 ekimi i\u015flemi tamamland\u0131ktan sonra kullan\u0131lan teknik olan fue tekni\u011finin sa\u011flad\u0131\u011f\u0131 ba\u015far\u0131l\u0131 \u00e7al\u0131\u015fma sayesinde m\u00fc\u015fterimiz \u00e7ok fazla a\u011fr\u0131 \u00e7ekmeden atlatt\u0131\u011f\u0131 sa\u00e7 ekimi seans\u0131n\u0131n mutlulu\u011funu ya\u015famaya ba\u015flamaktad\u0131r. \u0130\u015flem s\u0131ras\u0131nda a\u011fr\u0131 olmamas\u0131 i\u00e7in yap\u0131lan lokal anestezinin etkisi ge\u00e7inceye kadar ekim i\u015flemi nedeniyle ya\u015fayabilece\u011finiz t\u00fcm a\u011fr\u0131 ve s\u0131z\u0131lar\u0131n\u0131z da neredeyse tamamen yok olacakt\u0131r. Anestezinin etkisi ge\u00e7ti\u011finde sanki hi\u00e7bir i\u015flem yap\u0131lmam\u0131\u015f gibi kendinizi rahat ve a\u011fr\u0131s\u0131z hissedeceksiniz. Ekim s\u0131ras\u0131nda sa\u00e7 deliklerinin a\u00e7\u0131lmas\u0131 i\u00e7in deri alt\u0131na enjekte edilen s\u0131v\u0131n\u0131n deriden at\u0131lmas\u0131 s\u00fcreci tahminen 15 g\u00fcn\u00fc bulabilmektedir. Bu s\u00fcre\u00e7te enjekte edilen s\u0131v\u0131 dolay\u0131s\u0131yla herhangi bir a\u011fr\u0131 veya s\u0131z\u0131\u2026<\/p>\n","protected":false},"author":3,"featured_media":0,"parent":0,"menu_order":0,"comment_status":"closed","ping_status":"closed","template":"","meta":{"om_disable_all_campaigns":false,"_monsterinsights_skip_tracking":false,"_monsterinsights_sitenote_active":false,"_monsterinsights_sitenote_note":"","_monsterinsights_sitenote_category":0,"_joinchat":[],"footnotes":""},"blocksy_meta":{"page_title_panel":"","has_hero_section":"disabled","611c92d935758790a591783e16fbb041":"","hero_section":"type-1","hero_elements":[{"id":"custom_title","enabled":true,"heading_tag":"h1","title":"Home"},{"id":"custom_description","enabled":true,"description_visibility":{"desktop":true,"tablet":true,"mobile":false}},{"id":"custom_meta","enabled":false,"meta_elements":[{"id":"author","enabled":true,"label":"By","has_author_avatar":"yes","avatar_size":25},{"id":"post_date","enabled":true,"label":"On","date_format_source":"default","date_format":"M j, Y"},{"id":"updated_date","enabled":false,"label":"On","date_format_source":"default","date_format":"M j, Y"},{"id":"categories","enabled":false,"label":"In","style":"simple"},{"id":"comments","enabled":true}],"page_meta_elements":{"joined":true,"articles_count":true,"comments":true}},{"id":"breadcrumbs","enabled":false}],"46e8d3be9da0d1b82f8af8a9cd0f710d":"","hero_alignment1":"CT_CSS_SKIP_RULE","hero_margin":40,"hero_alignment2":"center","hero_vertical_alignment":"center","362640cecb7f38c45fc0d1a335915791":"","hero_structure":"narrow","e336875188121c375021e4fb0e81c0bb":"","page_title_bg_type":"featured_image","custom_hero_background":{"attachment_id":null},"page_title_image_size":"full","parallax":{"desktop":false,"tablet":false,"mobile":false},"57e5570a8110099c3e979646c8607ab1":"","hero_height":"250px","pageTitleFont":{"family":"Default","variation":"Default","size":"30px","line-height":"CT_CSS_SKIP_RULE","letter-spacing":"CT_CSS_SKIP_RULE","text-transform":"CT_CSS_SKIP_RULE","text-decoration":"CT_CSS_SKIP_RULE"},"pageTitleFontColor":{"default":{"color":"CT_CSS_SKIP_RULEDEFAULT"}},"pageMetaFont":{"family":"Default","variation":"n6","size":"12px","line-height":"1.3","letter-spacing":"CT_CSS_SKIP_RULE","text-transform":"uppercase","text-decoration":"CT_CSS_SKIP_RULE"},"pageMetaFontColor":{"default":{"color":"CT_CSS_SKIP_RULEDEFAULT"},"hover":{"color":"CT_CSS_SKIP_RULEDEFAULT"}},"page_meta_button_type_font_colors":{"default":{"color":"CT_CSS_SKIP_RULEDEFAULT"},"hover":{"color":"CT_CSS_SKIP_RULEDEFAULT"}},"page_meta_button_type_background_colors":{"default":{"color":"CT_CSS_SKIP_RULEDEFAULT"},"hover":{"color":"CT_CSS_SKIP_RULEDEFAULT"}},"pageExcerptFont":{"family":"Default","variation":"Default","size":"CT_CSS_SKIP_RULE","line-height":"CT_CSS_SKIP_RULE","letter-spacing":"CT_CSS_SKIP_RULE","text-transform":"CT_CSS_SKIP_RULE","text-decoration":"CT_CSS_SKIP_RULE"},"pageExcerptColor":{"default":{"color":"CT_CSS_SKIP_RULEDEFAULT"}},"breadcrumbsFont":{"family":"Default","variation":"Default","size":"CT_CSS_SKIP_RULE","line-height":"CT_CSS_SKIP_RULE","letter-spacing":"CT_CSS_SKIP_RULE","text-transform":"CT_CSS_SKIP_RULE","text-decoration":"CT_CSS_SKIP_RULE"},"breadcrumbsFontColor":{"default":{"color":"CT_CSS_SKIP_RULEDEFAULT"},"initial":{"color":"CT_CSS_SKIP_RULEDEFAULT"},"hover":{"color":"CT_CSS_SKIP_RULEDEFAULT"}},"pageTitleOverlay":{"background_type":"color","background_pattern":"type-1","background_image":{"attachment_id":null,"x":0,"y":0},"gradient":"linear-gradient(135deg,rgba(6,147,227,1) 0%,rgb(155,81,224) 100%)","background_repeat":"repeat","background_size":"auto","background_attachment":"scroll","patternColor":{"default":{"color":"#e5e7ea"}},"overlayColor":{"default":{"color":"CT_CSS_SKIP_RULE"}},"backgroundColor":{"default":{"color":"CT_CSS_SKIP_RULE"}}},"pageTitleBackground":{"background_type":"color","background_pattern":"type-1","background_image":{"attachment_id":null,"x":0,"y":0},"gradient":"linear-gradient(135deg,rgba(6,147,227,1) 0%,rgb(155,81,224) 100%)","background_repeat":"repeat","background_size":"auto","background_attachment":"scroll","patternColor":{"default":{"color":"#e5e7ea"}},"overlayColor":{"default":{"color":"CT_CSS_SKIP_RULE"}},"backgroundColor":{"default":{"color":"var(--paletteColor6)"}}},"pageTitlePadding":{"top":"50px","bottom":"50px","left":"auto","right":"auto","linked":true},"3ca83537ec355e8d63870a30117b1ce8":"","page_structure_type":"default","dcdc5c66dddca70118f5ac7cc86bba1b":"","content_style_source":"inherit","content_style":"wide","vertical_spacing_source":"custom","content_area_spacing":"none","background":{"background_type":"color","background_pattern":"type-1","background_image":{"attachment_id":null,"x":0,"y":0},"gradient":"linear-gradient(135deg,rgba(6,147,227,1) 0%,rgb(155,81,224) 100%)","background_repeat":"repeat","background_size":"auto","background_attachment":"scroll","patternColor":{"default":{"color":"#e5e7ea"}},"overlayColor":{"default":{"color":"CT_CSS_SKIP_RULE"}},"backgroundColor":{"default":{"color":"CT_CSS_SKIP_RULE"}}},"content_background":{"background_type":"color","background_pattern":"type-1","background_image":{"attachment_id":null,"x":0,"y":0},"gradient":"linear-gradient(135deg,rgba(6,147,227,1) 0%,rgb(155,81,224) 100%)","background_repeat":"repeat","background_size":"auto","background_attachment":"scroll","patternColor":{"default":{"color":"#e5e7ea"}},"overlayColor":{"default":{"color":"CT_CSS_SKIP_RULE"}},"backgroundColor":{"default":{"color":"var(--paletteColor8)"}}},"content_boxed_shadow":{"inherit":false,"blur":18,"spread":-6,"v_offset":12,"h_offset":0,"inset":false,"enable":true,"color":{"color":"rgba(34, 56, 101, 0.04)"}},"content_boxed_border":{"width":1,"style":"none","color":{"color":"rgba(44,62,80,0.2)"}},"content_boxed_radius":{"top":"3px","bottom":"3px","left":"3px","right":"3px","linked":true},"boxed_content_spacing":{"desktop":{"top":"40px","bottom":"40px","left":"40px","right":"40px","linked":true},"tablet":{"top":"35px","bottom":"35px","left":"35px","right":"35px","linked":true},"mobile":{"top":"20px","bottom":"20px","left":"20px","right":"20px","linked":true}},"e7c68c01908467f471590cb05016567f":"","disable_featured_image":"no","disable_share_box":"no","disable_header":"no","disable_footer":"no","styles_descriptor":{"styles":{"desktop":"","tablet":"","mobile":""},"google_fonts":[],"version":5}},"_links":{"self":[{"href":"https:\/\/wonderhairclinic.com\/tr\/wp-json\/wp\/v2\/pages\/1938"}],"collection":[{"href":"https:\/\/wonderhairclinic.com\/tr\/wp-json\/wp\/v2\/pages"}],"about":[{"href":"https:\/\/wonderhairclinic.com\/tr\/wp-json\/wp\/v2\/types\/page"}],"author":[{"embeddable":true,"href":"https:\/\/wonderhairclinic.com\/tr\/wp-json\/wp\/v2\/users\/3"}],"replies":[{"embeddable":true,"href":"https:\/\/wonderhairclinic.com\/tr\/wp-json\/wp\/v2\/comments?post=1938"}],"version-history":[{"count":8,"href":"https:\/\/wonderhairclinic.com\/tr\/wp-json\/wp\/v2\/pages\/1938\/revisions"}],"predecessor-version":[{"id":3462,"href":"https:\/\/wonderhairclinic.com\/tr\/wp-json\/wp\/v2\/pages\/1938\/revisions\/3462"}],"wp:attachment":[{"href":"https:\/\/wonderhairclinic.com\/tr\/wp-json\/wp\/v2\/media?parent=1938"}],"curies":[{"name":"wp","href":"https:\/\/api.w.org\/{rel}","templated":true}]}}